{"id":210194,"date":"2025-09-10T14:56:43","date_gmt":"2025-09-10T12:56:43","guid":{"rendered":"https:\/\/guide.reassurez-moi.fr\/guide\/?page_id=210194"},"modified":"2026-01-13T11:00:17","modified_gmt":"2026-01-13T10:00:17","slug":"indemnites-journalieres-independants","status":"publish","type":"page","link":"https:\/\/guide.reassurez-moi.fr\/guide\/prevoyance\/indemnites-journalieres-independants","title":{"rendered":"Indemnit\u00e9s journali\u00e8res des ind\u00e9pendants : montants, conditions et conseils"},"content":{"rendered":"\n<p>Un travailleur ind\u00e9pendant a droit \u00e0 des indemnit\u00e9s journali\u00e8res en cas de maladie ou d\u2019accident, mais elles restent limit\u00e9es et ne compensent pas totalement la perte de revenu. Leur montant d\u00e9pend de votre statut (auto-entrepreneur, artisan, commer\u00e7ant, profession lib\u00e9rale, avocat) et de votre chiffre d&rsquo;affaires d\u00e9clar\u00e9. On fait le point.<\/p>\n\n\n\n<div class=\"wp-block-columns is-layout-flex wp-container-core-columns-is-layout-9d6595d7 wp-block-columns-is-layout-flex\">\n<div class=\"wp-block-column is-style-green-top-border is-layout-flow wp-block-column-is-layout-flow\">\n<p><strong>Ce qu&rsquo;il faut retenir<\/strong><\/p>\n\n\n\n<ul class=\"wp-block-list\">\n<li>Un ind\u00e9pendant doit \u00eatre affili\u00e9 depuis au moins 1 an \u00e0 titre professionnel pour pr\u00e9tendre aux IJ<\/li>\n\n\n\n<li>Vous devez b\u00e9n\u00e9ficier d&rsquo;un arr\u00eat de travail d\u00e9livr\u00e9 par un m\u00e9decin<\/li>\n\n\n\n<li>Les indemnit\u00e9s journali\u00e8res sont \u00e9quivalentes <strong>\u00e0 1\/730\u00e8me du Raam (Revenu d&rsquo;activit\u00e9 annuel moyen) dans la limite du PASS (Plafond Annuel de la S\u00e9curit\u00e9 sociale)<\/strong><\/li>\n\n\n\n<li>Un d\u00e9lai de carence de 3 jours s&rsquo;applique en cas d&rsquo;hospitalisation et 7 jours en cas de maladie<\/li>\n\n\n\n<li>Une assurance pr\u00e9voyance reste indispensable pour compenser la perte de revenu<\/li>\n<\/ul>\n<\/div>\n<\/div>\n\n\n\n<div class=\"wp-block-buttons is-layout-flex wp-block-buttons-is-layout-flex\">\n<div class=\"wp-block-button is-style-rm-button-orange\"><a class=\"wp-block-button__link wp-element-button\" href=\"https:\/\/reassurez-moi.fr\/guide\/prevoyance\">Comparer les assurances pr\u00e9voyance<\/a><\/div>\n<\/div>\n\n\n\n<h2 class=\"wp-block-heading\">Quel est le montant des indemnit\u00e9s journali\u00e8res pour un travailleur ind\u00e9pendant en arr\u00eat de travail ?<\/h2>\n\n\n\n<p>Les ind\u00e9pendants per\u00e7oivent aussi des indemnit\u00e9s journali\u00e8res en cas d\u2019arr\u00eat de travail, mais le montant et les conditions changent selon leur r\u00e9gime : <\/p>\n\n\n\n<ul class=\"wp-block-list\">\n<li>TNS affili\u00e9s \u00e0 la S\u00e9curit\u00e9 sociale des ind\u00e9pendants (SSI) ;<\/li>\n\n\n\n<li>Professions lib\u00e9rales rattach\u00e9es \u00e0 la CNAVPL (Caisse nationale d\u2019assurance vieillesse des professions lib\u00e9rales) ;<\/li>\n\n\n\n<li>Avocats affili\u00e9s \u00e0 la CNBF (Caisse nationale des barreaux fran\u00e7ais). <\/li>\n<\/ul>\n\n\n\n<h3 class=\"wp-block-heading\">Les IJ des travailleurs affili\u00e9s \u00e0 la SSI<\/h3>\n\n\n\n<p>Ce r\u00e9gime concerne les <a href=\"https:\/\/reassurez-moi.fr\/guide\/mutuelle-sante\/mutuelle-artisan\">artisans<\/a>, commer\u00e7ants, <a href=\"https:\/\/reassurez-moi.fr\/guide\/mutuelle-sante\/auto-entrepreneurs\">auto-entrepreneurs<\/a>, freelances et professions lib\u00e9rales qui ne d\u00e9pendent pas de la CNAVPL et les conjoints collaborateurs d\u00e9clar\u00e9s.<\/p>\n\n\n\n<p><strong>Pour toucher des indemnit\u00e9s journali\u00e8res en tant qu&rsquo;ind\u00e9pendant<\/strong>, vous devez :<\/p>\n\n\n\n<ul class=\"wp-block-list is-style-pros-2\">\n<li>avoir cotis\u00e9 au moins 12 mois \u00e0 la SSI ;<\/li>\n\n\n\n<li>pr\u00e9senter un <a href=\"https:\/\/reassurez-moi.fr\/guide\/pro\/prevoyance\/arret-travail\">arr\u00eat de travail <\/a>prescrit par un m\u00e9decin ;<\/li>\n\n\n\n<li>cesser totalement votre activit\u00e9 professionnelle pendant l\u2019arr\u00eat ;<\/li>\n\n\n\n<li>justifier d\u2019un revenu annuel moyen sup\u00e9rieur ou \u00e9gal \u00e0 4 806 \u20ac en 2026 : <a href=\"https:\/\/www.urssaf.fr\/accueil\/outils-documentation\/taux-baremes\/plafonds-securite-sociale.html\">10 % du PASS<\/a> (Plafond Annuel de la S\u00e9curit\u00e9 sociale).<\/li>\n<\/ul>\n\n\n\n<p>\u27a1\ufe0f <strong>Alors quel est le montant des IJ quand on est travailleur ind\u00e9pendant ?<\/strong> Votre indemnit\u00e9 correspond \u00e0 1\/730\u1d49 de votre revenu annuel moyen (Raam), calcul\u00e9 sur les trois derni\u00e8res ann\u00e9es et limit\u00e9 au PASS ( 48 060 \u20ac en 2026).<\/p>\n\n\n\n<div class=\"wp-block-mars-information icon-info without-background\"><p>\ud83d\udca1 En 2026, le montant maximum des IJ pour un ind\u00e9pendant affili\u00e9 \u00e0 la SSI est 41,95 \u20acpar jour pour une dur\u00e9e maximale de versement de 360 jours sur 3 ans ! <\/p><\/div>\n\n\n\n<p>\ud83d\udccd <strong><em>\u00c0 noter :<\/em><\/strong> si vous \u00eates ind\u00e9pendant depuis peu et \u00e9tiez salari\u00e9 auparavant, vous conservez vos droits acquis. R\u00e9sultat : vous pouvez percevoir des IJ via votre ancienne activit\u00e9 salari\u00e9e si votre affiliation au r\u00e9gime ind\u00e9pendant est trop r\u00e9cente (moins d&rsquo;1 an en g\u00e9n\u00e9ral).<\/p>\n\n\n\n<div class=\"wp-block-columns is-layout-flex wp-container-core-columns-is-layout-9d6595d7 wp-block-columns-is-layout-flex\">\n<div class=\"wp-block-column is-style-blue-border is-layout-flow wp-block-column-is-layout-flow\">\n<p class=\"has-text-align-center has-medium-font-size\"><strong>Comment calculer votre revenu annuel moyen (Raam) ?<\/strong><\/p>\n\n\n\n<p>Le Raam correspond \u00e0 la moyenne des revenus d\u00e9clar\u00e9s sur les trois derni\u00e8res ann\u00e9es civiles, hors chiffre d\u2019affaires brut. Il s\u2019agit du revenu net social, celui qui sert de base aux cotisations.<\/p>\n\n\n\n<p>Pour les auto-entrepreneurs, la Raam correspond \u00e0 la moyenne de votre chiffre d&rsquo;affaires annuel apr\u00e8s un abattement forfaitaire  :<\/p>\n\n\n\n<ul class=\"wp-block-list is-style-pros-2\">\n<li>activit\u00e9s de vente : chiffre d\u2019affaires moins 71 % d\u2019abattement ;<\/li>\n\n\n\n<li>prestations de services BIC : chiffre d\u2019affaires moins 50 % d\u2019abattement ;<\/li>\n\n\n\n<li>activit\u00e9s lib\u00e9rales BNC : chiffre d\u2019affaires moins 34 % d\u2019abattement.<\/li>\n<\/ul>\n<\/div>\n<\/div>\n\n\n\n<h3 class=\"wp-block-heading\">Les IJ des professions lib\u00e9rales affili\u00e9es \u00e0 la CNAVPL<\/h3>\n\n\n\n<p>Depuis le 1\u1d49\u02b3 juillet 2021, toutes les professions lib\u00e9rales relevant de la CNAVPL (m\u00e9decins, kin\u00e9s, architectes, experts-comptables, etc.) acc\u00e8dent, elles aussi, aux IJ. Elles doivent respecter les m\u00eames conditions que les ind\u00e9pendants affili\u00e9s \u00e0 la SSI : 12 mois d\u2019affiliation, arr\u00eat m\u00e9dical et revenu minimum.<\/p>\n\n\n\n<p>Par contre, le calcul des indemnit\u00e9s journali\u00e8res pour les professions lib\u00e9rales diff\u00e8re  :<\/p>\n\n\n\n<ul class=\"wp-block-list is-style-arrow-right\">\n<li>Votre indemnit\u00e9 correspond aussi \u00e0 1\/730\u1d49 du revenu annuel moyen des trois derni\u00e8res ann\u00e9es, mais elle est plafonn\u00e9e \u00e0 <strong>3 fois le PASS<\/strong> ;<\/li>\n\n\n\n<li>Le plafond 2026 est donc de <strong><strong>197,51 \u20ac<\/strong> par jour<\/strong>.<\/li>\n<\/ul>\n\n\n\n<div class=\"wp-block-mars-information icon-warning without-background\"><p>La CPAM applique aussi 3 jours de carence, mais elle verse vos indemnit\u00e9s journali\u00e8res jusqu\u2019au <strong>90\u1d49 jour d\u2019arr\u00eat<\/strong>. Pass\u00e9 ce d\u00e9lai, ce sont vos caisses de pr\u00e9voyance obligatoires propres \u00e0 chaque profession qui prennent le relais (par exemple la CARPIMKO pour les auxiliaires m\u00e9dicaux).<\/p><\/div>\n\n\n\n<h3 class=\"wp-block-heading\">Les indemnit\u00e9s journali\u00e8res des avocats<\/h3>\n\n\n\n<p>La couverture maladie des avocats est particuli\u00e8re : ils d\u00e9pendent de la Caisse nationale des barreaux fran\u00e7ais (CNBF). Contrairement aux autres professions lib\u00e9rales, ils ne <strong>per\u00e7oivent aucune indemnit\u00e9 journali\u00e8re de la S\u00e9curit\u00e9 sociale<\/strong>.<\/p>\n\n\n\n<p>\u2705 En cas d&rsquo;arr\u00eat de travail, c&rsquo;est la CNBF qui pr\u00e9voit une indemnit\u00e9 forfaitaire de 90 \u20ac par jour, mais seulement \u00e0 partir du <strong>91\u1d49 jour d\u2019arr\u00eat de travail<\/strong>. Pour les trois premiers mois, les barreaux pr\u00e9voient une couverture obligatoire compl\u00e9mentaire via la LPA ou AON, qui vous verse une indemnisation transitoire.<\/p>\n\n\n\n<h3 class=\"wp-block-heading\">En tant qu&rsquo;ind\u00e9pendant, combien touche-t-on d&rsquo;IJ pour 1 mois d\u2019arr\u00eat ?<\/h3>\n\n\n\n<p>Pour vous aider \u00e0 mieux comprendre le montant des IJ allou\u00e9 aux ind\u00e9pendants, voici un exemple pour 1 mois d&rsquo;arr\u00eat maladie (dont 3 jours de carence).<\/p>\n\n\n\n<figure class=\"wp-block-table\"><table class=\"has-fixed-layout\"><thead><tr><th>Profil<\/th><th>Revenu annuel moyen (Raam)<\/th><th>IJ par jour<\/th><th>Indemnit\u00e9 sur 27 jours<\/th><th>Montant net per\u00e7u en 1 mois<\/th><\/tr><\/thead><tbody><tr><td><strong>Marc, commer\u00e7ant (SSI)<\/strong><\/td><td>30 000 \u20ac<\/td><td>41,09 \u20ac<\/td><td>41,09 \u00d7 27 = 1 109,43 \u20ac<\/td><td><strong>1 109 \u20ac<\/strong><\/td><\/tr><tr><td><strong>Sophie, graphiste micro-entrepreneure (SSI)<\/strong><\/td><td>13 200 \u20ac (apr\u00e8s abattement)<\/td><td>18,08 \u20ac<\/td><td>18,08 \u00d7 27 = 488,16 \u20ac<\/td><td><strong>488 \u20ac<\/strong><\/td><\/tr><tr><td><strong>Claire, kin\u00e9sith\u00e9rapeute (CNAVPL)<\/strong><\/td><td>70 000 \u20ac<\/td><td>95,89 \u20ac<\/td><td>95,89 \u00d7 27 = 2 588,97 \u20ac<\/td><td><strong>2 589 \u20ac<\/strong><\/td><\/tr><\/tbody><\/table><\/figure>\n\n\n\n<p>\ud83d\udcac L<strong>e conseil R\u00e9assurez-moi : <\/strong>quelle que soit votre profession et votre revenu d&rsquo;activit\u00e9, les indemnit\u00e9s journali\u00e8res octroy\u00e9es \u00e0 un travailleur ind\u00e9pendant ne suffit pas \u00e0 compenser la perte de revenu. La souscription \u00e0 une pr\u00e9voyance est presque incontournable pour \u00e9viter de vous retrouver dans une situation financi\u00e8re et sociale compliqu\u00e9e.<\/p>\n\n\n\n<div class=\"wp-block-buttons is-layout-flex wp-block-buttons-is-layout-flex\">\n<div class=\"wp-block-button is-style-rm-button-orange\"><a class=\"wp-block-button__link wp-element-button\" href=\"https:\/\/reassurez-moi.fr\/guide\/prevoyance\">Devis pr\u00e9voyance gratuit<\/a><\/div>\n<\/div>\n\n\n\n<h2 class=\"wp-block-heading\">Comment toucher des indemnit\u00e9s journali\u00e8res en tant qu&rsquo;ind\u00e9pendant ?<\/h2>\n\n\n\n<p>Pour percevoir vos indemnit\u00e9s journali\u00e8res, l\u2019arr\u00eat de travail doit \u00eatre prescrit par un m\u00e9decin. Le praticien envoie le document directement \u00e0 l\u2019Assurance Maladie via la t\u00e9l\u00e9transmission. S\u2019il vous remet un<a href=\"https:\/\/reassurez-moi.fr\/guide\/mutuelle-sante\/feuille-soin\"> formulaire papier<\/a>, vous devez le transmettre vous-m\u00eame \u00e0 votre caisse dans un d\u00e9lai de 48 heures.<\/p>\n\n\n\n<p>Durant votre <a href=\"https:\/\/reassurez-moi.fr\/guide\/pro\/prevoyance\/arret-travail\">arr\u00eat maladie<\/a>, respectez ces diff\u00e9rentes r\u00e8gles :<\/p>\n\n\n\n<ul class=\"wp-block-list is-style-pros\">\n<li>interrompre totalement votre activit\u00e9 professionnelle ;<\/li>\n\n\n\n<li>respecter les horaires de pr\u00e9sence au domicile fix\u00e9s par la S\u00e9curit\u00e9 sociale le cas \u00e9ch\u00e9ant ;<\/li>\n\n\n\n<li>ne pas prolonger l\u2019arr\u00eat avec un autre m\u00e9decin que celui qui l\u2019a prescrit, sauf votre <a href=\"https:\/\/reassurez-moi.fr\/guide\/mutuelle-sante\/changer-medecin-traitant\">m\u00e9decin traitant<\/a> ;<\/li>\n\n\n\n<li>informer la caisse en cas de reprise anticip\u00e9e du travail ou de d\u00e9placement exceptionnel.<\/li>\n<\/ul>\n\n\n\n<p>\ud83d\udca1 Le<strong> versement des indemnit\u00e9s journali\u00e8res des ind\u00e9pendants<\/strong> ne d\u00e9marre pas imm\u00e9diatement apr\u00e8s l\u2019arr\u00eat de travail. L\u2019Assurance Maladie applique un d\u00e9lai de carence, c\u2019est-\u00e0-dire un laps de temps non indemnis\u00e9.<\/p>\n\n\n\n<ul class=\"wp-block-list is-style-arrow-right\">\n<li><strong>3 jours<\/strong> <strong>de carence en cas d\u2019hospitalisation<\/strong> ;<\/li>\n\n\n\n<li><strong>7 jours<\/strong> <strong>de carence en cas de maladie ou d&rsquo;accident.<\/strong><\/li>\n<\/ul>\n\n\n\n<div class=\"wp-block-columns is-layout-flex wp-container-core-columns-is-layout-9d6595d7 wp-block-columns-is-layout-flex\">\n<div class=\"wp-block-column is-style-blue-border is-layout-flow wp-block-column-is-layout-flow\">\n<p class=\"has-text-align-center has-medium-font-size\"><strong>Pendant combien de temps touche-t-on des IJ ?<\/strong><\/p>\n\n\n\n<ul class=\"wp-block-list\">\n<li>Pour une maladie ou un accident classique, le versement peut durer jusqu\u2019\u00e0 360 jours sur une p\u00e9riode de 3 ans ;<\/li>\n\n\n\n<li>Pour une <a href=\"https:\/\/reassurez-moi.fr\/guide\/mutuelle-sante\/ald\">affection de longue dur\u00e9e <\/a>(ALD) ou des soins continus, les indemnit\u00e9s peuvent \u00eatre vers\u00e9es pendant 3 ans maximum, sous r\u00e9serve de la justification m\u00e9dicale :<\/li>\n\n\n\n<li>En cas de temps partiel th\u00e9rapeutique, la dur\u00e9e est limit\u00e9e \u00e0 90 jours (ou 270 jours si l\u2019arr\u00eat est li\u00e9 \u00e0 une ALD).<\/li>\n<\/ul>\n<\/div>\n<\/div>\n\n\n\n<h2 class=\"wp-block-heading\">Comment calculer les indemnit\u00e9s journali\u00e8res maternit\u00e9 pour une ind\u00e9pendante ?<\/h2>\n\n\n\n<p>En tant qu&rsquo;ind\u00e9pendante (artisans, commer\u00e7antes, micro-entrepreneures, professions lib\u00e9rales), vous b\u00e9n\u00e9ficiez d\u2019un <a href=\"https:\/\/reassurez-moi.fr\/guide\/mutuelle-sante\/mutuelle-maternite\">cong\u00e9 maternit\u00e9 <\/a>indemnis\u00e9 au m\u00eame titre que les salari\u00e9es. Les conditions : \u00eatre <strong>affili\u00e9e depuis au moins 10 mois \u00e0 la S\u00e9curit\u00e9 sociale<\/strong> des ind\u00e9pendants et \u00eatre \u00e0 jour de vos cotisations.<\/p>\n\n\n\n<p>\u2714\ufe0f Vous percevez alors deux types de prestations :<\/p>\n\n\n\n<ul class=\"wp-block-list is-style-arrow-right\">\n<li><strong>L\u2019allocation forfaitaire de repos maternel (AFRM)<\/strong> : elle est vers\u00e9e en deux fois, pour un montant total de \u00a04 005 \u20ac\u00a0en 2026. Une premi\u00e8re moiti\u00e9 est vers\u00e9e au d\u00e9but de votre cong\u00e9 maternit\u00e9 et la seconde apr\u00e8s votre accouchement ;<\/li>\n\n\n\n<li><strong>Les indemnit\u00e9s journali\u00e8res forfaitaires d\u2019interruption d\u2019activit\u00e9 (IJM)<\/strong> : elles sont fix\u00e9es \u00e0 63,52 \u20ac par jour en 2026 et sont vers\u00e9es pendant toute la dur\u00e9e du cong\u00e9 maternit\u00e9.<\/li>\n<\/ul>\n\n\n\n<p>Votre cong\u00e9 maternit\u00e9 en tant que cheffe d&rsquo;entreprise doit durer <strong>au minimum 8 semaines<\/strong> (dont 2 avant la naissance), et peut aller jusqu\u2019\u00e0 16 semaines pour une premi\u00e8re naissance, voire plus en cas de jumeaux ou de naissance multiple.<\/p>\n\n\n\n<p>\ud83d\udccd <strong>Voici un exemple :<\/strong> Claire, cr\u00e9atrice de bijoux en auto-entreprise re\u00e7oit l\u2019allocation forfaitaire de repos maternel de 3 864 \u20ac et 112 jours d&rsquo;IJ \u00e0 64,52 \u20ac (car elle arr\u00eate son activit\u00e9 pendant 16 semaines). Elle per\u00e7oit au total 11 090,24 \u20ac.<\/p>\n\n\n\n<h2 class=\"wp-block-heading\">Pourquoi souscrire une pr\u00e9voyance pour compl\u00e9ter les IJ quand on est ind\u00e9pendant ?<\/h2>\n\n\n\n<p>Les indemnit\u00e9s journali\u00e8res de la S\u00e9curit\u00e9 sociale des ind\u00e9pendants (SSI) ou de la CNAVPL assurent un minimum, mais elles couvrent rarement la perte r\u00e9elle de revenus. Si votre revenu d&rsquo;activit\u00e9 annuel sur les trois dern\u00e8res ann\u00e9es est bas, vous ne toucherez presque rien ce qui peut vite devenir tr\u00e8s probl\u00e9matique pour vous et votre famille. <\/p>\n\n\n\n<p><strong>La solution pour b\u00e9n\u00e9ficier d&rsquo;une <a href=\"https:\/\/reassurez-moi.fr\/guide\/mutuelle-sante\/professions-liberales-tns\">bonne protection sociale <\/a>quand on est TNS<\/strong> : <a href=\"https:\/\/reassurez-moi.fr\/guide\/pro\/prevoyance\/tns\">l&rsquo;assurance pr\u00e9voyance <\/a>! Pourquoi ? Un contrat bien choisi prend le relais d\u00e8s la fin du d\u00e9lai de carence et compense totalement ou partiellement la perte de vos revenus. Il peut pr\u00e9voir :<\/p>\n\n\n\n<ul class=\"wp-block-list is-style-arrow-right\">\n<li>des indemnit\u00e9s journali\u00e8res compl\u00e9mentaires align\u00e9es sur vos revenus habituels ;<\/li>\n\n\n\n<li>une <a href=\"https:\/\/reassurez-moi.fr\/guide\/prevoyance\/invalidite\">prise en charge en cas d\u2019invalidit\u00e9<\/a> ou d\u2019accident ;<\/li>\n\n\n\n<li>des garanties pour prot\u00e9ger votre famille (capital d\u00e9c\u00e8s, <a href=\"https:\/\/reassurez-moi.fr\/guide\/prevoyance\/rente-education\">rente \u00e9ducation<\/a>).<\/li>\n<\/ul>\n\n\n\n<div class=\"wp-block-columns is-layout-flex wp-container-core-columns-is-layout-9d6595d7 wp-block-columns-is-layout-flex\">\n<div class=\"wp-block-column is-style-red-top-border is-layout-flow wp-block-column-is-layout-flow\">\n<p>\ud83d\udc40 Par exemple, Julie, coiffeuse \u00e0 son compte, d\u00e9clare 25 000 \u20ac par an. Apr\u00e8s une chute, elle est oblig\u00e9e de s&rsquo;arr\u00eater 3 mois. La SSI lui verse environ 1 100 \u20ac par mois, bien loin de ses charges fixes (loyer du salon, cr\u00e9dits, factures). Gr\u00e2ce \u00e0 son contrat de pr\u00e9voyance, elle re\u00e7oit un compl\u00e9ment qui lui permet de maintenir un revenu proche de 2 000 \u20ac par mois et de s\u00e9curiser son activit\u00e9.<\/p>\n<\/div>\n<\/div>\n\n\n\n<p>\ud83d\udcac Le conseil R\u00e9assurez-moi : <strong>comment bien choisir sa pr\u00e9voyance TNS ?<\/strong> Regardez le montant des IJ compl\u00e9mentaires pr\u00e9vu, la souplesse du contrat (franchise, d\u00e9lai de carence, exclusions), les garanties annexes utiles \u00e0 votre m\u00e9tier (invalidit\u00e9, incapacit\u00e9,<a href=\"https:\/\/reassurez-moi.fr\/guide\/assurance-deces\"> capital d\u00e9c\u00e8s<\/a>) et le tarif qui doit rester proportionn\u00e9 \u00e0 votre chiffre d\u2019affaires.<\/p>\n\n\n\n<div class=\"wp-block-rm-advertizing-block fix-in-sidebar advertising-block-sidebar-item\">\n    <div class=\"image-container flex justify-center align-items-center\">\n        <img decoding=\"async\" src=\"https:\/\/guide.reassurez-moi.fr\/guide\/wp-content\/uploads\/2025\/06\/team_opti_short.png\"\n             alt=\"reassurez-moi illustration\"\n             class=\"wp-block-rm-advertizing-image\"\n             loading=\"lazy\"\n        \/>\n    <\/div>\n    <div class=\"rm-advertblock-container flex flex-column justify-center align-items-start\">\n        <p class=\"wp-block-rm-advertizing-text\">\n            Pr\u00e9voyance\n        <\/p>\n        <p class=\"wp-block-rm-advertizing-sub-text\">\n            les meilleures contrats 2026\n        <\/p>\n        <a\n            href=\"https:\/\/reassurez-moi.fr\/guide\/prevoyance\"\n            class=\"wp-block-rm-advertizing-button\"\n        >\n            <span class=\"wp-block-rm-advertizing-button-text\">\n                Comparateur\n            <\/span>\n            <span class=\"wp-block-rm-advertizing-button-sub-text\">\n                assurance pr\u00e9voyance\n            <\/span>\n        <\/a>\n    <\/div>\n<\/div>\n\n\n\n<h2 class=\"wp-block-heading\">FAQ  : Vos questions sur le calcul des indemnit\u00e9s journ\u00e9li\u00e8res des ind\u00e9pendants<\/h2>\n\n\n\n<div class=\"schema-faq wp-block-yoast-faq-block\"><div class=\"schema-faq-section\" id=\"faq-question-1757325945589\"><h3 class=\"schema-faq-question my-0 font-semibold\">Les indemnit\u00e9s journali\u00e8res des ind\u00e9pendants sont-elles imposables ?<\/h3> <p class=\"schema-faq-answer\">Les indemnit\u00e9s journali\u00e8res vers\u00e9es aux ind\u00e9pendants entrent dans le calcul de l\u2019imp\u00f4t sur le revenu et sont \u00e9galement soumises \u00e0 la CSG (6,2 %) et \u00e0 la CRDS (0,5 %). Depuis 2019, le pr\u00e9l\u00e8vement \u00e0 la source s\u2019applique directement. Il existe toutefois une exception : les <strong>indemnit\u00e9s li\u00e9es \u00e0 une Affection Longue Dur\u00e9e (ALD)<\/strong> ne sont pas impos\u00e9es.<\/p> <\/div> <div class=\"schema-faq-section\" id=\"faq-question-1757325946409\"><h3 class=\"schema-faq-question my-0 font-semibold\">Comment calculer les indemnit\u00e9s journali\u00e8res maladie pour un travailleur ind\u00e9pendant ?<\/h3> <p class=\"schema-faq-answer\">Le calcul des indemnit\u00e9s journali\u00e8res maladie des ind\u00e9pendants repose sur le revenu d\u2019activit\u00e9 annuel moyen (Raam) des trois derni\u00e8res ann\u00e9es. L\u2019Assurance Maladie applique la formule Raam\/730, dans la limite du PASS (48 060 \u20ac en 2026). <\/p> <\/div> <div class=\"schema-faq-section\" id=\"faq-question-1757325947764\"><h3 class=\"schema-faq-question my-0 font-semibold\">Quelles indemnit\u00e9s journali\u00e8res touchent les professions lib\u00e9rales affili\u00e9es \u00e0 la CNAVPL ?<\/h3> <p class=\"schema-faq-answer\">Depuis 2021, les professions lib\u00e9rales affili\u00e9es \u00e0 la CNAVPL per\u00e7oivent des IJ \u00e9quivalentes \u00e0 1\/730 \u00e8me de leur revenu d&rsquo;activit\u00e9 moyen des trois derni\u00e8res ann\u00e9es, dans la limite de 3 PASS. Le montant maximal s\u2019\u00e9l\u00e8ve donc \u00e0 <strong><strong>197,51 \u20ac<\/strong><\/strong> <strong>par jour en 2026<\/strong>. L\u2019indemnisation dure jusqu\u2019\u00e0 90 jours maximum, puis la caisse de pr\u00e9voyance professionnelle prend le relais.<\/p> <\/div> <div class=\"schema-faq-section\" id=\"faq-question-1757325948399\"><h3 class=\"schema-faq-question my-0 font-semibold\">Quel est le d\u00e9lai de carence pour toucher les indemnit\u00e9s journali\u00e8res des ind\u00e9pendants ?<\/h3> <p class=\"schema-faq-answer\">Le d\u00e9lai de carence correspond aux premiers jours non indemnis\u00e9s d\u2019un arr\u00eat de travail. Pour un travailleur ind\u00e9pendant, il est de <strong>3 jours en cas d\u2019hospitalisation et de 7 jours en cas de maladie ou d\u2019accident<\/strong>. Ce d\u00e9lai ne s\u2019applique pas en cas de prolongation d\u2019arr\u00eat, de maladie professionnelle, d\u2019accident du travail ou de fausse couche.<\/p> <\/div> <\/div>\n","protected":false},"excerpt":{"rendered":"<p>Un travailleur ind\u00e9pendant a droit \u00e0 des indemnit\u00e9s journali\u00e8res en cas de maladie ou d\u2019accident, mais elles restent limit\u00e9es et ne compensent pas totalement la perte de revenu. Leur montant d\u00e9pend de votre statut (auto-entrepreneur, artisan, commer\u00e7ant, profession lib\u00e9rale, avocat) et de votre chiffre d&rsquo;affaires d\u00e9clar\u00e9. On fait le point. Quel est le montant des\u2026<\/p>\n","protected":false},"author":77,"featured_media":0,"parent":49756,"menu_order":0,"comment_status":"open","ping_status":"closed","template":"","meta":{"_acf_changed":false,"footnotes":""},"categories":[],"page_topic":[],"class_list":["post-210194","page","type-page","status-publish","hentry"],"yoast_head":"<!-- This site is optimized with the Yoast SEO plugin v24.7 - https:\/\/yoast.com\/wordpress\/plugins\/seo\/ -->\n<title>Calcul indemnit\u00e9 journali\u00e8re ind\u00e9pendant : comment \u00e7a marche ?<\/title>\n<meta name=\"description\" content=\"Obtenez des informations sur les indemnit\u00e9s journali\u00e8res pour ind\u00e9pendants, y compris les conditions d&#039;\u00e9ligibilit\u00e9 et les droits associ\u00e9s \u2714\ufe0f\" \/>\n<meta name=\"robots\" content=\"index, follow, max-snippet:-1, max-image-preview:large, max-video-preview:-1\" \/>\n<link rel=\"canonical\" href=\"https:\/\/guide.reassurez-moi.fr\/guide\/prevoyance\/indemnites-journalieres-independants\" \/>\n<meta property=\"og:locale\" content=\"fr_FR\" \/>\n<meta property=\"og:type\" content=\"article\" \/>\n<meta property=\"og:title\" content=\"Calcul indemnit\u00e9 journali\u00e8re ind\u00e9pendant : comment \u00e7a marche ?\" \/>\n<meta property=\"og:description\" content=\"Obtenez des informations sur les indemnit\u00e9s journali\u00e8res pour ind\u00e9pendants, y compris les conditions d&#039;\u00e9ligibilit\u00e9 et les droits associ\u00e9s \u2714\ufe0f\" \/>\n<meta property=\"og:url\" content=\"https:\/\/guide.reassurez-moi.fr\/guide\/prevoyance\/indemnites-journalieres-independants\" \/>\n<meta property=\"og:site_name\" content=\"R\u00e9assurez-moi\" \/>\n<meta property=\"article:publisher\" content=\"https:\/\/www.facebook.com\/R%c3%a9assurez-moi-209456495889479\/\" \/>\n<meta property=\"article:modified_time\" content=\"2026-01-13T10:00:17+00:00\" \/>\n<meta property=\"og:image\" content=\"https:\/\/guide.reassurez-moi.fr\/guide\/wp-content\/uploads\/2018\/04\/image-de-partage.png\" \/>\n\t<meta property=\"og:image:width\" content=\"500\" \/>\n\t<meta property=\"og:image:height\" content=\"160\" \/>\n\t<meta property=\"og:image:type\" content=\"image\/png\" \/>\n<meta name=\"twitter:card\" content=\"summary_large_image\" \/>\n<meta name=\"twitter:site\" content=\"@reassurezmoi\" \/>\n<meta name=\"twitter:label1\" content=\"Dur\u00e9e de lecture estim\u00e9e\" \/>\n\t<meta name=\"twitter:data1\" content=\"10 minutes\" \/>\n<script type=\"application\/ld+json\" class=\"yoast-schema-graph\">{\"@context\":\"https:\/\/schema.org\",\"@graph\":[{\"@type\":[\"WebPage\",\"FAQPage\"],\"@id\":\"https:\/\/guide.reassurez-moi.fr\/guide\/prevoyance\/indemnites-journalieres-independants\",\"url\":\"https:\/\/guide.reassurez-moi.fr\/guide\/prevoyance\/indemnites-journalieres-independants\",\"name\":\"Calcul indemnit\u00e9 journali\u00e8re ind\u00e9pendant : comment \u00e7a marche ?\",\"isPartOf\":{\"@id\":\"https:\/\/guide.reassurez-moi.fr\/guide\/#website\"},\"datePublished\":\"2025-09-10T12:56:43+00:00\",\"dateModified\":\"2026-01-13T10:00:17+00:00\",\"description\":\"Obtenez des informations sur les indemnit\u00e9s journali\u00e8res pour ind\u00e9pendants, y compris les conditions d'\u00e9ligibilit\u00e9 et les droits associ\u00e9s \u2714\ufe0f\",\"breadcrumb\":{\"@id\":\"https:\/\/guide.reassurez-moi.fr\/guide\/prevoyance\/indemnites-journalieres-independants#breadcrumb\"},\"mainEntity\":[{\"@id\":\"https:\/\/guide.reassurez-moi.fr\/guide\/prevoyance\/indemnites-journalieres-independants#faq-question-1757325945589\"},{\"@id\":\"https:\/\/guide.reassurez-moi.fr\/guide\/prevoyance\/indemnites-journalieres-independants#faq-question-1757325946409\"},{\"@id\":\"https:\/\/guide.reassurez-moi.fr\/guide\/prevoyance\/indemnites-journalieres-independants#faq-question-1757325947764\"},{\"@id\":\"https:\/\/guide.reassurez-moi.fr\/guide\/prevoyance\/indemnites-journalieres-independants#faq-question-1757325948399\"}],\"inLanguage\":\"fr-FR\",\"potentialAction\":[{\"@type\":\"ReadAction\",\"target\":[\"https:\/\/guide.reassurez-moi.fr\/guide\/prevoyance\/indemnites-journalieres-independants\"]}]},{\"@type\":\"BreadcrumbList\",\"@id\":\"https:\/\/guide.reassurez-moi.fr\/guide\/prevoyance\/indemnites-journalieres-independants#breadcrumb\",\"itemListElement\":[{\"@type\":\"ListItem\",\"position\":1,\"name\":\"Assurances\",\"item\":\"https:\/\/guide.reassurez-moi.fr\/guide\/\"},{\"@type\":\"ListItem\",\"position\":2,\"name\":\"Pr\u00e9voyance\",\"item\":\"https:\/\/guide.reassurez-moi.fr\/guide\/prevoyance\"},{\"@type\":\"ListItem\",\"position\":3,\"name\":\"Indemnit\u00e9s journali\u00e8res des ind\u00e9pendants : montants, conditions et conseils\"}]},{\"@type\":\"WebSite\",\"@id\":\"https:\/\/guide.reassurez-moi.fr\/guide\/#website\",\"url\":\"https:\/\/guide.reassurez-moi.fr\/guide\/\",\"name\":\"R\u00e9assurez-moi\",\"description\":\"Comparateur d&#039;assurances\",\"potentialAction\":[{\"@type\":\"SearchAction\",\"target\":{\"@type\":\"EntryPoint\",\"urlTemplate\":\"https:\/\/guide.reassurez-moi.fr\/guide\/?s={search_term_string}\"},\"query-input\":{\"@type\":\"PropertyValueSpecification\",\"valueRequired\":true,\"valueName\":\"search_term_string\"}}],\"inLanguage\":\"fr-FR\"},{\"@type\":\"Question\",\"@id\":\"https:\/\/guide.reassurez-moi.fr\/guide\/prevoyance\/indemnites-journalieres-independants#faq-question-1757325945589\",\"position\":1,\"url\":\"https:\/\/guide.reassurez-moi.fr\/guide\/prevoyance\/indemnites-journalieres-independants#faq-question-1757325945589\",\"name\":\"Les indemnit\u00e9s journali\u00e8res des ind\u00e9pendants sont-elles imposables ?\",\"answerCount\":1,\"acceptedAnswer\":{\"@type\":\"Answer\",\"text\":\"Les indemnit\u00e9s journali\u00e8res vers\u00e9es aux ind\u00e9pendants entrent dans le calcul de l\u2019imp\u00f4t sur le revenu et sont \u00e9galement soumises \u00e0 la CSG (6,2 %) et \u00e0 la CRDS (0,5 %). Depuis 2019, le pr\u00e9l\u00e8vement \u00e0 la source s\u2019applique directement. Il existe toutefois une exception : les <strong>indemnit\u00e9s li\u00e9es \u00e0 une Affection Longue Dur\u00e9e (ALD)<\/strong> ne sont pas impos\u00e9es.\",\"inLanguage\":\"fr-FR\"},\"inLanguage\":\"fr-FR\"},{\"@type\":\"Question\",\"@id\":\"https:\/\/guide.reassurez-moi.fr\/guide\/prevoyance\/indemnites-journalieres-independants#faq-question-1757325946409\",\"position\":2,\"url\":\"https:\/\/guide.reassurez-moi.fr\/guide\/prevoyance\/indemnites-journalieres-independants#faq-question-1757325946409\",\"name\":\"Comment calculer les indemnit\u00e9s journali\u00e8res maladie pour un travailleur ind\u00e9pendant ?\",\"answerCount\":1,\"acceptedAnswer\":{\"@type\":\"Answer\",\"text\":\"Le calcul des indemnit\u00e9s journali\u00e8res maladie des ind\u00e9pendants repose sur le revenu d\u2019activit\u00e9 annuel moyen (Raam) des trois derni\u00e8res ann\u00e9es. L\u2019Assurance Maladie applique la formule Raam\/730, dans la limite du PASS (48 060 \u20ac en 2026). \",\"inLanguage\":\"fr-FR\"},\"inLanguage\":\"fr-FR\"},{\"@type\":\"Question\",\"@id\":\"https:\/\/guide.reassurez-moi.fr\/guide\/prevoyance\/indemnites-journalieres-independants#faq-question-1757325947764\",\"position\":3,\"url\":\"https:\/\/guide.reassurez-moi.fr\/guide\/prevoyance\/indemnites-journalieres-independants#faq-question-1757325947764\",\"name\":\"Quelles indemnit\u00e9s journali\u00e8res touchent les professions lib\u00e9rales affili\u00e9es \u00e0 la CNAVPL ?\",\"answerCount\":1,\"acceptedAnswer\":{\"@type\":\"Answer\",\"text\":\"Depuis 2021, les professions lib\u00e9rales affili\u00e9es \u00e0 la CNAVPL per\u00e7oivent des IJ \u00e9quivalentes \u00e0 1\/730 \u00e8me de leur revenu d'activit\u00e9 moyen des trois derni\u00e8res ann\u00e9es, dans la limite de 3 PASS. Le montant maximal s\u2019\u00e9l\u00e8ve donc \u00e0 <strong><strong><strong><strong>197,51 \u20ac<\/strong><\/strong><\/strong><\/strong> <strong>par jour en 2026<\/strong>. L\u2019indemnisation dure jusqu\u2019\u00e0 90 jours maximum, puis la caisse de pr\u00e9voyance professionnelle prend le relais.\",\"inLanguage\":\"fr-FR\"},\"inLanguage\":\"fr-FR\"},{\"@type\":\"Question\",\"@id\":\"https:\/\/guide.reassurez-moi.fr\/guide\/prevoyance\/indemnites-journalieres-independants#faq-question-1757325948399\",\"position\":4,\"url\":\"https:\/\/guide.reassurez-moi.fr\/guide\/prevoyance\/indemnites-journalieres-independants#faq-question-1757325948399\",\"name\":\"Quel est le d\u00e9lai de carence pour toucher les indemnit\u00e9s journali\u00e8res des ind\u00e9pendants ?\",\"answerCount\":1,\"acceptedAnswer\":{\"@type\":\"Answer\",\"text\":\"Le d\u00e9lai de carence correspond aux premiers jours non indemnis\u00e9s d\u2019un arr\u00eat de travail. Pour un travailleur ind\u00e9pendant, il est de <strong>3 jours en cas d\u2019hospitalisation et de 7 jours en cas de maladie ou d\u2019accident<\/strong>. Ce d\u00e9lai ne s\u2019applique pas en cas de prolongation d\u2019arr\u00eat, de maladie professionnelle, d\u2019accident du travail ou de fausse couche.\",\"inLanguage\":\"fr-FR\"},\"inLanguage\":\"fr-FR\"}]}<\/script>\n<!-- \/ Yoast SEO plugin. -->","yoast_head_json":{"title":"Calcul indemnit\u00e9 journali\u00e8re ind\u00e9pendant : comment \u00e7a marche ?","description":"Obtenez des informations sur les indemnit\u00e9s journali\u00e8res pour ind\u00e9pendants, y compris les conditions d'\u00e9ligibilit\u00e9 et les droits associ\u00e9s \u2714\ufe0f","robots":{"index":"index","follow":"follow","max-snippet":"max-snippet:-1","max-image-preview":"max-image-preview:large","max-video-preview":"max-video-preview:-1"},"canonical":"https:\/\/guide.reassurez-moi.fr\/guide\/prevoyance\/indemnites-journalieres-independants","og_locale":"fr_FR","og_type":"article","og_title":"Calcul indemnit\u00e9 journali\u00e8re ind\u00e9pendant : comment \u00e7a marche ?","og_description":"Obtenez des informations sur les indemnit\u00e9s journali\u00e8res pour ind\u00e9pendants, y compris les conditions d'\u00e9ligibilit\u00e9 et les droits associ\u00e9s \u2714\ufe0f","og_url":"https:\/\/guide.reassurez-moi.fr\/guide\/prevoyance\/indemnites-journalieres-independants","og_site_name":"R\u00e9assurez-moi","article_publisher":"https:\/\/www.facebook.com\/R%c3%a9assurez-moi-209456495889479\/","article_modified_time":"2026-01-13T10:00:17+00:00","og_image":[{"width":500,"height":160,"url":"https:\/\/guide.reassurez-moi.fr\/guide\/wp-content\/uploads\/2018\/04\/image-de-partage.png","type":"image\/png"}],"twitter_card":"summary_large_image","twitter_site":"@reassurezmoi","twitter_misc":{"Dur\u00e9e de lecture estim\u00e9e":"10 minutes"},"schema":{"@context":"https:\/\/schema.org","@graph":[{"@type":["WebPage","FAQPage"],"@id":"https:\/\/guide.reassurez-moi.fr\/guide\/prevoyance\/indemnites-journalieres-independants","url":"https:\/\/guide.reassurez-moi.fr\/guide\/prevoyance\/indemnites-journalieres-independants","name":"Calcul indemnit\u00e9 journali\u00e8re ind\u00e9pendant : comment \u00e7a marche ?","isPartOf":{"@id":"https:\/\/guide.reassurez-moi.fr\/guide\/#website"},"datePublished":"2025-09-10T12:56:43+00:00","dateModified":"2026-01-13T10:00:17+00:00","description":"Obtenez des informations sur les indemnit\u00e9s journali\u00e8res pour ind\u00e9pendants, y compris les conditions d'\u00e9ligibilit\u00e9 et les droits associ\u00e9s \u2714\ufe0f","breadcrumb":{"@id":"https:\/\/guide.reassurez-moi.fr\/guide\/prevoyance\/indemnites-journalieres-independants#breadcrumb"},"mainEntity":[{"@id":"https:\/\/guide.reassurez-moi.fr\/guide\/prevoyance\/indemnites-journalieres-independants#faq-question-1757325945589"},{"@id":"https:\/\/guide.reassurez-moi.fr\/guide\/prevoyance\/indemnites-journalieres-independants#faq-question-1757325946409"},{"@id":"https:\/\/guide.reassurez-moi.fr\/guide\/prevoyance\/indemnites-journalieres-independants#faq-question-1757325947764"},{"@id":"https:\/\/guide.reassurez-moi.fr\/guide\/prevoyance\/indemnites-journalieres-independants#faq-question-1757325948399"}],"inLanguage":"fr-FR","potentialAction":[{"@type":"ReadAction","target":["https:\/\/guide.reassurez-moi.fr\/guide\/prevoyance\/indemnites-journalieres-independants"]}]},{"@type":"BreadcrumbList","@id":"https:\/\/guide.reassurez-moi.fr\/guide\/prevoyance\/indemnites-journalieres-independants#breadcrumb","itemListElement":[{"@type":"ListItem","position":1,"name":"Assurances","item":"https:\/\/guide.reassurez-moi.fr\/guide\/"},{"@type":"ListItem","position":2,"name":"Pr\u00e9voyance","item":"https:\/\/guide.reassurez-moi.fr\/guide\/prevoyance"},{"@type":"ListItem","position":3,"name":"Indemnit\u00e9s journali\u00e8res des ind\u00e9pendants : montants, conditions et conseils"}]},{"@type":"WebSite","@id":"https:\/\/guide.reassurez-moi.fr\/guide\/#website","url":"https:\/\/guide.reassurez-moi.fr\/guide\/","name":"R\u00e9assurez-moi","description":"Comparateur d&#039;assurances","potentialAction":[{"@type":"SearchAction","target":{"@type":"EntryPoint","urlTemplate":"https:\/\/guide.reassurez-moi.fr\/guide\/?s={search_term_string}"},"query-input":{"@type":"PropertyValueSpecification","valueRequired":true,"valueName":"search_term_string"}}],"inLanguage":"fr-FR"},{"@type":"Question","@id":"https:\/\/guide.reassurez-moi.fr\/guide\/prevoyance\/indemnites-journalieres-independants#faq-question-1757325945589","position":1,"url":"https:\/\/guide.reassurez-moi.fr\/guide\/prevoyance\/indemnites-journalieres-independants#faq-question-1757325945589","name":"Les indemnit\u00e9s journali\u00e8res des ind\u00e9pendants sont-elles imposables ?","answerCount":1,"acceptedAnswer":{"@type":"Answer","text":"Les indemnit\u00e9s journali\u00e8res vers\u00e9es aux ind\u00e9pendants entrent dans le calcul de l\u2019imp\u00f4t sur le revenu et sont \u00e9galement soumises \u00e0 la CSG (6,2 %) et \u00e0 la CRDS (0,5 %). Depuis 2019, le pr\u00e9l\u00e8vement \u00e0 la source s\u2019applique directement. Il existe toutefois une exception : les <strong>indemnit\u00e9s li\u00e9es \u00e0 une Affection Longue Dur\u00e9e (ALD)<\/strong> ne sont pas impos\u00e9es.","inLanguage":"fr-FR"},"inLanguage":"fr-FR"},{"@type":"Question","@id":"https:\/\/guide.reassurez-moi.fr\/guide\/prevoyance\/indemnites-journalieres-independants#faq-question-1757325946409","position":2,"url":"https:\/\/guide.reassurez-moi.fr\/guide\/prevoyance\/indemnites-journalieres-independants#faq-question-1757325946409","name":"Comment calculer les indemnit\u00e9s journali\u00e8res maladie pour un travailleur ind\u00e9pendant ?","answerCount":1,"acceptedAnswer":{"@type":"Answer","text":"Le calcul des indemnit\u00e9s journali\u00e8res maladie des ind\u00e9pendants repose sur le revenu d\u2019activit\u00e9 annuel moyen (Raam) des trois derni\u00e8res ann\u00e9es. L\u2019Assurance Maladie applique la formule Raam\/730, dans la limite du PASS (48 060 \u20ac en 2026). ","inLanguage":"fr-FR"},"inLanguage":"fr-FR"},{"@type":"Question","@id":"https:\/\/guide.reassurez-moi.fr\/guide\/prevoyance\/indemnites-journalieres-independants#faq-question-1757325947764","position":3,"url":"https:\/\/guide.reassurez-moi.fr\/guide\/prevoyance\/indemnites-journalieres-independants#faq-question-1757325947764","name":"Quelles indemnit\u00e9s journali\u00e8res touchent les professions lib\u00e9rales affili\u00e9es \u00e0 la CNAVPL ?","answerCount":1,"acceptedAnswer":{"@type":"Answer","text":"Depuis 2021, les professions lib\u00e9rales affili\u00e9es \u00e0 la CNAVPL per\u00e7oivent des IJ \u00e9quivalentes \u00e0 1\/730 \u00e8me de leur revenu d'activit\u00e9 moyen des trois derni\u00e8res ann\u00e9es, dans la limite de 3 PASS. Le montant maximal s\u2019\u00e9l\u00e8ve donc \u00e0 <strong><strong><strong><strong>197,51 \u20ac<\/strong><\/strong><\/strong><\/strong> <strong>par jour en 2026<\/strong>. L\u2019indemnisation dure jusqu\u2019\u00e0 90 jours maximum, puis la caisse de pr\u00e9voyance professionnelle prend le relais.","inLanguage":"fr-FR"},"inLanguage":"fr-FR"},{"@type":"Question","@id":"https:\/\/guide.reassurez-moi.fr\/guide\/prevoyance\/indemnites-journalieres-independants#faq-question-1757325948399","position":4,"url":"https:\/\/guide.reassurez-moi.fr\/guide\/prevoyance\/indemnites-journalieres-independants#faq-question-1757325948399","name":"Quel est le d\u00e9lai de carence pour toucher les indemnit\u00e9s journali\u00e8res des ind\u00e9pendants ?","answerCount":1,"acceptedAnswer":{"@type":"Answer","text":"Le d\u00e9lai de carence correspond aux premiers jours non indemnis\u00e9s d\u2019un arr\u00eat de travail. Pour un travailleur ind\u00e9pendant, il est de <strong>3 jours en cas d\u2019hospitalisation et de 7 jours en cas de maladie ou d\u2019accident<\/strong>. Ce d\u00e9lai ne s\u2019applique pas en cas de prolongation d\u2019arr\u00eat, de maladie professionnelle, d\u2019accident du travail ou de fausse couche.","inLanguage":"fr-FR"},"inLanguage":"fr-FR"}]}},"acf":[],"_links":{"self":[{"href":"https:\/\/guide.reassurez-moi.fr\/guide\/wp-json\/wp\/v2\/pages\/210194","targetHints":{"allow":["GET"]}}],"collection":[{"href":"https:\/\/guide.reassurez-moi.fr\/guide\/wp-json\/wp\/v2\/pages"}],"about":[{"href":"https:\/\/guide.reassurez-moi.fr\/guide\/wp-json\/wp\/v2\/types\/page"}],"author":[{"embeddable":true,"href":"https:\/\/guide.reassurez-moi.fr\/guide\/wp-json\/wp\/v2\/users\/77"}],"replies":[{"embeddable":true,"href":"https:\/\/guide.reassurez-moi.fr\/guide\/wp-json\/wp\/v2\/comments?post=210194"}],"version-history":[{"count":5,"href":"https:\/\/guide.reassurez-moi.fr\/guide\/wp-json\/wp\/v2\/pages\/210194\/revisions"}],"predecessor-version":[{"id":214369,"href":"https:\/\/guide.reassurez-moi.fr\/guide\/wp-json\/wp\/v2\/pages\/210194\/revisions\/214369"}],"up":[{"embeddable":true,"href":"https:\/\/guide.reassurez-moi.fr\/guide\/wp-json\/wp\/v2\/pages\/49756"}],"wp:attachment":[{"href":"https:\/\/guide.reassurez-moi.fr\/guide\/wp-json\/wp\/v2\/media?parent=210194"}],"wp:term":[{"taxonomy":"category","embeddable":true,"href":"https:\/\/guide.reassurez-moi.fr\/guide\/wp-json\/wp\/v2\/categories?post=210194"},{"taxonomy":"page_topic","embeddable":true,"href":"https:\/\/guide.reassurez-moi.fr\/guide\/wp-json\/wp\/v2\/page_topic?post=210194"}],"curies":[{"name":"wp","href":"https:\/\/api.w.org\/{rel}","templated":true}]}}