{"id":66263,"date":"2019-07-10T11:53:54","date_gmt":"2019-07-10T09:53:54","guid":{"rendered":"https:\/\/reassurez-moi.fr\/guide\/?page_id=66263"},"modified":"2026-04-07T14:59:48","modified_gmt":"2026-04-07T12:59:48","slug":"per","status":"publish","type":"page","link":"https:\/\/guide.reassurez-moi.fr\/guide\/per","title":{"rendered":"Guide du PER"},"content":{"rendered":"\n<h1 class=\"wp-block-heading\" id=\"qu-est-ce-que-le-plan-epargne-retraite-per\">Tout ce qu\u2019il faut savoir sur le Plan \u00c9pargne Retraite (PER)<\/h1>\n\n\n<p><!-- \/wp:post-content --><\/p>\n<p><!-- \/wp:column --><\/p>\n<p><!-- \/wp:columns --><\/p>\n<p><!-- wp:buttons --><\/p>\n<div class=\"wp-block-buttons\"><!-- wp:button {\"className\":\"is-style-rm-button-orange\"} --><\/div>\n<div class=\"wp-block-button is-style-rm-button-orange\"><a class=\"wp-block-button__link wp-element-button\" href=\"https:\/\/reassurez-moi.fr\/guide\/per\/meilleur\">Comparer les offres de PER<\/a><\/div>\n<p><!-- \/wp:button --><\/p>\n<p><!-- \/wp:buttons --><\/p>\n<p><!-- wp:heading --><\/p>\n<h2><strong>Comment fonctionne un Plan \u00c9pargne Retraite ?<\/strong><\/h2>\n<p><!-- \/wp:heading --><\/p>\n<p><!-- wp:paragraph --><\/p>\n<p>Un PER individuel est un produit d\u2019\u00e9pargne qui permet de constituer un capital tout au long de la vie active, assurant ainsi des revenus suppl\u00e9mentaires pour la retraite en contrepartie de versements volontaires. Ces derniers peuvent ensuite \u00eatre d\u00e9duits des revenus imposables.\u00a0<\/p>\n<p><!-- \/wp:paragraph --><\/p>\n<p><!-- wp:mars\/information {\"icon\":\"check\"} --><\/p>\n<p>Les versements volontaires effectu\u00e9s sur un PER peuvent \u00eatre d\u00e9duits de l\u2019imp\u00f4t sur le revenu (dans la limite du <a href=\"https:\/\/reassurez-moi.fr\/guide\/per\/plafond\">plafond<\/a> applicable) !\u00a0<\/p>\n<p><!-- \/wp:mars\/information --><\/p>\n<p><!-- wp:paragraph --><\/p>\n<p>Pour parvenir \u00e0 constituer un tel capital retraite compl\u00e9mentaire, vous effectuez ainsi des\u00a0 versements volontaires. Ces versements peuvent \u00eatre aussi bien programm\u00e9s que libres, et il n\u2019existe aucun minimum ou maximum de versement ou de capital.<\/p>\n<p><!-- \/wp:paragraph --><\/p>\n<p><!-- wp:mars\/information --><\/p>\n<p>Lors de votre d\u00e9part \u00e0 la retraite, l\u2019\u00e9pargne constitu\u00e9e vous sera revers\u00e9e sous forme de <strong data-start=\"1139\" data-end=\"1156\">rente viag\u00e8re<\/strong>, de <strong data-start=\"1161\" data-end=\"1172\">capital<\/strong>, ou d\u2019un <strong data-start=\"1182\" data-end=\"1210\">panachage entre les deux<\/strong>.<\/p>\n<p><!-- \/wp:mars\/information --><\/p>\n<p><!-- wp:heading --><\/p>\n<h2><strong>Qui a int\u00e9r\u00eat \u00e0 ouvrir un PER individuel ?<\/strong><\/h2>\n<p><!-- \/wp:heading --><\/p>\n<p><!-- wp:paragraph --><\/p>\n<p><strong>Tout le monde peu ouvrir un Plan \u00c9pargne Retraite. <\/strong>En effet, un PER ne s\u2019accompagne d\u2019aucune restriction en termes d\u2019\u00e2ge ou de statut.\u00a0<\/p>\n<p><!-- \/wp:paragraph --><\/p>\n<p><!-- wp:paragraph --><\/p>\n<p>Que vous soyez salari\u00e9, fonctionnaire, auto-entrepreneur, en lib\u00e9ral ou encore demandeur d'emploi, vous pouvez ainsi librement ouvrir un PER (pour vous ou encore pour vos enfants mineurs).\u00a0<\/p>\n<p><!-- \/wp:paragraph --><\/p>\n<p><!-- wp:spacer {\"height\":\"18px\"} --><\/p>\n<p><!-- \/wp:spacer --><\/p>\n<p><!-- wp:paragraph --><\/p>\n<p>Le PER est particuli\u00e8rement int\u00e9ressant pour les contribuables soumis \u00e0 une <strong data-start=\"1678\" data-end=\"1698\">forte imposition<\/strong>, notamment ceux dont la tranche marginale d\u2019imposition (TMI) est <strong data-start=\"1764\" data-end=\"1794\">sup\u00e9rieure ou \u00e9gale \u00e0 30 %<\/strong>.<\/p>\n<p><!-- \/wp:paragraph --><\/p>\n<p><!-- wp:mars\/information {\"icon\":\"warning\"} --><\/p>\n<div class=\"wp-block-mars-information icon-warning\"><i class=\"icon\"><\/i>\n<p data-start=\"1797\" data-end=\"1924\">Attention : dans la pratique, la plupart des contrats fixent un \u00e2ge limite d\u2019adh\u00e9sion, g\u00e9n\u00e9ralement compris entre 65 et 70 ans.<\/p>\n<\/div>\n<p><!-- \/wp:mars\/information --><\/p>\n<p><!-- wp:heading --><\/p>\n<h2><strong>Quels sont les avantages et les inconv\u00e9nients d\u2019un PER ?\u00a0<\/strong><\/h2>\n<p><!-- \/wp:heading --><\/p>\n<p><!-- wp:paragraph --><\/p>\n<p><strong>Un PER, comme tout produit d\u2019\u00e9pargne, s\u2019accompagne d\u2019un certain nombre d\u2019avantages et d\u2019inconv\u00e9nients :<\/strong>\u00a0<\/p>\n<p><!-- \/wp:paragraph --><\/p>\n<p><!-- wp:spacer {\"height\":\"14px\"} --><\/p>\n<div class=\"wp-block-spacer\" style=\"height: 14px;\" aria-hidden=\"true\">\u00a0<\/div>\n<p><!-- \/wp:spacer --><\/p>\n<p><!-- wp:columns --><\/p>\n<div class=\"wp-block-columns\"><!-- wp:column {\"className\":\"is-style-green-top-border\"} -->\n<div class=\"wp-block-column is-style-green-top-border\"><!-- wp:paragraph {\"align\":\"center\"} -->\n<p class=\"has-text-align-center\"><strong>Avantages<\/strong><\/p>\n<p><!-- \/wp:paragraph --><\/p>\n<p><!-- wp:list {\"className\":\"is-style-pros-2\"} --><\/p>\n<ul class=\"is-style-pros-2\">\n<li><strong>La d\u00e9duction fiscale des versements : <\/strong>les sommes vers\u00e9es sont d\u00e9ductibles du revenu imposable dans la limite d\u2019un plafond annuel.<\/li>\n<li><strong>L\u2019absence de plafond de versement : <\/strong>vous versez ce que vous voulez, quand vous voulez.<\/li>\n<li><strong data-start=\"2242\" data-end=\"2264\">La sortie en rente<\/strong> : la rente est impos\u00e9e comme une pension de retraite, apr\u00e8s application de l\u2019abattement de 10 %.<\/li>\n<li><strong>La sortie en capital : <\/strong>possible en totalit\u00e9 ou de mani\u00e8re fractionn\u00e9e<\/li>\n<li><strong data-start=\"2445\" data-end=\"2478\">Les cas de d\u00e9blocage anticip\u00e9<\/strong> : notamment pour l\u2019achat de la r\u00e9sidence principale, l\u2019invalidit\u00e9, le d\u00e9c\u00e8s du conjoint, le surendettement, la fin des droits ch\u00f4mage, la liquidation judiciaire.<\/li>\n<li><strong data-start=\"2645\" data-end=\"2681\">Le report du plafond non utilis\u00e9<\/strong> : le plafond de d\u00e9duction non consomm\u00e9 est reportable sur les <strong data-start=\"2744\" data-end=\"2766\">3 ann\u00e9es suivantes<\/strong>.<\/li>\n<li><strong>La portabilit\u00e9 : <\/strong>vous pouvez transf\u00e9rer votre PER vers un autre \u00e9tablissement.<\/li>\n<li><strong data-start=\"2859\" data-end=\"2888\">La protection des proches<\/strong> : en cas de d\u00e9c\u00e8s, les b\u00e9n\u00e9ficiaires d\u00e9sign\u00e9s r\u00e9cup\u00e8rent l\u2019\u00e9pargne selon la clause b\u00e9n\u00e9ficiaire.<\/li>\n<\/ul>\n<p><!-- \/wp:list --><\/p>\n<\/div>\n<p><!-- \/wp:column --><\/p>\n<p><!-- wp:column {\"className\":\"is-style-red-top-border\"} --><\/p>\n<div class=\"wp-block-column is-style-red-top-border\"><!-- wp:paragraph {\"align\":\"center\"} -->\n<p class=\"has-text-align-center\"><strong>Inconv\u00e9nients<\/strong><\/p>\n<p><!-- \/wp:paragraph --><\/p>\n<p><!-- wp:list {\"className\":\"is-style-cons-2\"} --><\/p>\n<ul class=\"is-style-cons-2\">\n<li><strong>Blocage des fonds<\/strong>jusqu\u2019\u00e0 l\u2019\u00e2ge de la retraite (hors cas de d\u00e9blocage anticip\u00e9).<\/li>\n<li><strong data-start=\"3102\" data-end=\"3124\">Rendement variable<\/strong> selon les supports choisis.<\/li>\n<li><strong>Fiscalit\u00e9 \u00e0 la sortie<\/strong>selon l\u2019option retenue \u00e0 l\u2019entr\u00e9e (d\u00e9duction ou non).<\/li>\n<li><strong data-start=\"3241\" data-end=\"3273\">Plafond de d\u00e9duction fiscale<\/strong> limitant l\u2019optimisation.<\/li>\n<li>Int\u00e9r\u00eat limit\u00e9 pour les foyers faiblement impos\u00e9s.<\/li>\n<\/ul>\n<p><!-- \/wp:list --><\/p>\n<\/div>\n<p><!-- \/wp:column --><\/p>\n<\/div>\n<p><!-- \/wp:columns --><\/p>\n<p><!-- wp:spacer {\"height\":\"19px\"} --><\/p>\n<div class=\"wp-block-spacer\" style=\"height: 19px;\" aria-hidden=\"true\">\u00a0<\/div>\n<p><!-- \/wp:spacer --><\/p>\n<p><!-- wp:paragraph --><\/p>\n<p><strong>Pour trouver le meilleur contrat PER du march\u00e9, n\u2019h\u00e9sitez pas \u00e0 utiliser notre comparateur en ligne (et 100 % gratuit) !<\/strong> En quelques clics, vous aurez ainsi acc\u00e8s \u00e0 de multiples devis personnalis\u00e9s en fonction de votre profil d\u2019\u00e9pargnant, de vos attentes sp\u00e9cifiques ainsi que des versements que vous comptez effectuer.\u00a0<\/p>\n<p><!-- \/wp:paragraph --><\/p>\n<p><!-- wp:block {\"ref\":118376} \/--><\/p>\n<p><!-- wp:heading --><\/p>\n<h2><strong>Quelles diff\u00e9rences entre un PER individuel et un PER collectif ?<\/strong><\/h2>\n<p><!-- \/wp:heading --><\/p>\n<p><!-- wp:paragraph --><\/p>\n<p><strong>Un PER individuel <\/strong>est ouvert \u00e0 titre personnel, tandis qu\u2019un <strong>PER d\u2019entreprise<\/strong> <strong>(collectif ou obligatoire) <\/strong>est directement propos\u00e9 dans un cadre professionnel, avec des versements g\u00e9n\u00e9ralement effectu\u00e9s par l\u2019employeur.\u00a0<\/p>\n<p><!-- \/wp:paragraph --><\/p>\n<p><!-- wp:paragraph --><\/p>\n<p>L\u2019objectif reste identique : pr\u00e9parer la retraite avec un cadre fiscal avantageux.<\/p>\n<p><!-- \/wp:paragraph --><\/p>\n<p><!-- wp:heading --><\/p>\n<h2><strong>Comment alimenter son PER ?<\/strong><\/h2>\n<p><!-- \/wp:heading --><\/p>\n<p><!-- wp:paragraph --><\/p>\n<p><strong>Vous pouvez alimenter votre plan \u00e9pargne retraite de plusieurs fa\u00e7ons :<\/strong><\/p>\n<p><!-- \/wp:paragraph --><\/p>\n<p><!-- wp:list {\"className\":\"is-style-arrow-right\"} --><\/p>\n<ul class=\"is-style-arrow-right\">\n<li>avec des versements volontaires libres (programm\u00e9s ou ponctuels) ;<\/li>\n<li>avec des versements effectu\u00e9s au titre de l\u2019\u00e9pargne salariale (prime d\u2019int\u00e9ressement, participation) ;<\/li>\n<li>avec des versements obligatoires de l'employeur (abondements, CET et jours de repos non pris) ;<\/li>\n<li>par le biais du transfert d\u2019autres contrats d\u2019\u00e9pargne sur votre PER (contrat retraite Madelin, article 83, PER collectif \u2026).<\/li>\n<\/ul>\n<p><!-- \/wp:list --><\/p>\n<p><!-- wp:heading --><\/p>\n<h2><strong>Quelle est la fiscalit\u00e9 d\u2019un PER ? <\/strong>Le PER repose sur une logique simple :<br data-start=\"4207\" data-end=\"4210\" \/>\ud83d\udc49 <strong data-start=\"4213\" data-end=\"4243\">avantage fiscal \u00e0 l\u2019entr\u00e9e<\/strong>, en contrepartie d\u2019une <strong data-start=\"4267\" data-end=\"4293\">imposition \u00e0 la sortie<\/strong>.<\/h2>\n<p><!-- \/wp:paragraph --><\/p>\n<p><!-- wp:mars\/information {\"icon\":\"check\"} --><\/p>\n<div class=\"wp-block-mars-information icon-check\"><i class=\"icon\"><\/i>\n<p>Le Plafond Annuel de la S\u00e9curit\u00e9 Sociale (PASS) est fix\u00e9 \u00e0 <strong data-start=\"4397\" data-end=\"4417\">48 060 \u20ac en 2026<\/strong>.<\/p>\n<\/div>\n<p><!-- \/wp:mars\/information --><\/p>\n<p><!-- wp:paragraph --><\/p>\n<h3 data-start=\"4420\" data-end=\"4441\">Pour les salari\u00e9s<\/h3>\n<p data-start=\"4443\" data-end=\"4520\">Le plafond de d\u00e9duction correspond au plus \u00e9lev\u00e9 des deux montants suivants\u00a0 :<\/p>\n<p><!-- \/wp:paragraph --><\/p>\n<p><!-- wp:list {\"className\":\"is-style-pros-2\"} --><\/p>\n<ul class=\"is-style-pros-2\">\n<li><strong data-start=\"4524\" data-end=\"4544\">10 % du PASS N-1<\/strong>,<\/li>\n<li><strong data-start=\"4550\" data-end=\"4589\">10 % des revenus professionnels N-1<\/strong>, dans la limite de <strong data-start=\"4609\" data-end=\"4623\">8 PASS N-1<\/strong>.<\/li>\n<\/ul>\n<p><!-- \/wp:list --><\/p>\n<p><!-- wp:spacer {\"height\":\"14px\"} --><\/p>\n<div class=\"wp-block-spacer\" style=\"height: 14px;\" aria-hidden=\"true\">(Le plafond personnalis\u00e9 figure sur l\u2019avis d\u2019imposition, avec report des 3 ann\u00e9es pr\u00e9c\u00e9dentes.)<\/div>\n<div aria-hidden=\"true\">\u00a0<\/div>\n<p><!-- \/wp:spacer --><\/p>\n<p><!-- wp:paragraph --><\/p>\n<h3><strong>Pour les TNS,<\/strong><\/h3>\n<p>Le plafond correspond au plus \u00e9lev\u00e9 des deux montants suivants :<\/p>\n<p><!-- \/wp:paragraph --><\/p>\n<p><!-- wp:list {\"className\":\"is-style-pros-2\"} --><\/p>\n<ul class=\"is-style-pros-2\">\n<li>10 % du b\u00e9n\u00e9fice imposable (dans la limite de 8 PASS N-1) + 15 % de la fraction comprise entre 1 et 8 PASS,<\/li>\n<li>10 % du PASS N-1.Fiscalit\u00e9 \u00e0 l\u2019entr\u00e9e et \u00e0 la sortie<\/li>\n<\/ul>\n<h2>Fiscalit\u00e9 \u00e0 l\u2019entr\u00e9e et \u00e0 la sortie<\/h2>\n<p><!-- \/wp:spacer --><\/p>\n<p><!-- wp:table {\"className\":\"is-style-header-simple\"} --><\/p>\n<figure class=\"wp-block-table is-style-header-simple\">\n<table>\n<thead>\n<tr>\n<th class=\"has-text-align-center\" data-align=\"center\"><strong>Type de versement<\/strong><\/th>\n<th class=\"has-text-align-center\" data-align=\"center\"><strong>Fiscalit\u00e9 \u00e0 l\u2019entr\u00e9e<\/strong><\/th>\n<th class=\"has-text-align-center\" data-align=\"center\"><strong>Fiscalit\u00e9 d\u2019une sortie en rente<\/strong><\/th>\n<th class=\"has-text-align-center\" data-align=\"center\"><strong>Fiscalit\u00e9 d\u2019une sortie en capital<\/strong><\/th>\n<\/tr>\n<\/thead>\n<tbody>\n<tr>\n<td class=\"has-text-align-center\" data-align=\"center\"><strong>Versements volontaires d\u00e9ductibles<\/strong><\/td>\n<td class=\"has-text-align-center\" data-align=\"center\">-D\u00e9ductibles de l\u2019imp\u00f4t sur le revenu\u00a0<br \/>-Plafonds diff\u00e9rents entre salari\u00e9s et TNS)<\/td>\n<td class=\"has-text-align-center\" data-align=\"center\">-Imposable \u00e0 l\u2019imp\u00f4t sur le revenu\u00a0<br \/>-Apr\u00e8s application d\u2019un abattement de 10 %\u00a0\u00a0<br \/>-Une fraction de la rente est soumise aux pr\u00e9l\u00e8vements sociaux (17,2 %) en fonction de l\u2019\u00e2ge du titulaire<\/td>\n<td class=\"has-text-align-center\" data-align=\"center\">-Imposable \u00e0 l\u2019imp\u00f4t sur le revenu<br \/>-Plus-values soumises au Pr\u00e9l\u00e8vement Forfaitaire Unique (PFU) de 30 %<\/td>\n<\/tr>\n<tr>\n<td class=\"has-text-align-center\" data-align=\"center\"><strong>Versements non d\u00e9ductibles<\/strong><\/td>\n<td class=\"has-text-align-center\" data-align=\"center\">Non d\u00e9ductibles de l\u2019imp\u00f4t sur le revenu<\/td>\n<td class=\"has-text-align-center\" data-align=\"center\">-Partiellement imposable \u00e0 l\u2019imp\u00f4t sur le revenu<br \/>-En fonction de l\u2019\u00e2ge du titulaire<br \/>-CSG + CRDS<\/td>\n<td class=\"has-text-align-center\" data-align=\"center\">-Exon\u00e9ration d\u2019imp\u00f4t sur le revenu pour le capital<br \/>-Plus-values soumises au Pr\u00e9l\u00e8vement Forfaitaire Unique (PFU) de 30 %<\/td>\n<\/tr>\n<tr>\n<td class=\"has-text-align-center\" data-align=\"center\"><strong>Versements obligatoires<\/strong><\/td>\n<td class=\"has-text-align-center\" data-align=\"center\">-Exon\u00e9ration de l\u2019imp\u00f4t sur le revenu<br \/>-CSG + CRDS<\/td>\n<td class=\"has-text-align-center\" data-align=\"center\">-Imposable \u00e0 l\u2019imp\u00f4t sur le revenu\u00a0<br \/>-Apr\u00e8s application d\u2019un abattement de 10 %\u00a0\u00a0<br \/>-Pr\u00e9l\u00e8vements sociaux (8,3 % CSG, 0,5 % CRDS, 0,3 % CASA, 1 % cotisation maladie)\u00a0<\/td>\n<td class=\"has-text-align-center\" data-align=\"center\">\u274c<\/td>\n<\/tr>\n<tr>\n<td class=\"has-text-align-center\" data-align=\"center\"><strong>\u00c9pargne salariale<\/strong><\/td>\n<td class=\"has-text-align-center\" data-align=\"center\">-Exon\u00e9ration de l\u2019imp\u00f4t sur le revenu<br \/>-CSG + CRDS<\/td>\n<td class=\"has-text-align-center\" data-align=\"center\">-Partiellement imposable \u00e0 l\u2019imp\u00f4t sur le revenu<br \/>-En fonction de l\u2019\u00e2ge du titulaire<\/td>\n<td class=\"has-text-align-center\" data-align=\"center\">\u00a0<\/td>\n<\/tr>\n<\/tbody>\n<\/table>\n<\/figure>\n<p><!-- \/wp:table --><\/p>\n<p><!-- wp:heading --><\/p>\n<h2><strong>Quels sont les modes de gestion du PER ?<\/strong><\/h2>\n<p><!-- \/wp:heading --><\/p>\n<p><!-- wp:paragraph --><\/p>\n<p><strong>Un Plan \u00c9pargne Retraite peut se voir appliquer 2 modes de gestion diff\u00e9rents, \u00e0 savoir :<\/strong><\/p>\n<p><!-- \/wp:paragraph --><\/p>\n<p><!-- wp:list {\"className\":\"is-style-pros-2\"} --><\/p>\n<ul class=\"is-style-pros-2\">\n<li><strong>La gestion pilot\u00e9e <\/strong>: l\u2019\u00e9pargnant laisse la gestion de son PER \u00e0 un professionnel, charg\u00e9 de choisir les supports d\u2019investissements ainsi que la r\u00e9partition du capital, le tout en fonction du profil de l\u2019\u00e9pargnant.<\/li>\n<li><strong>La gestion libre<\/strong> :\u00a0 l\u2019\u00e9pargnant choisit lui-m\u00eame ses supports d\u2019investissement, la r\u00e9partition de son \u00e9pargne retraite (entre fonds euro et unit\u00e9s de comptes) ainsi que sa strat\u00e9gie \u00e0 court et long terme d\u2019investissement.\u00a0<\/li>\n<\/ul>\n<p><!-- \/wp:list --><\/p>\n<p><!-- wp:heading --><\/p>\n<h2><strong>Comment d\u00e9bloquer un Plan \u00c9pargne Retraite (PER) par anticipation ?<\/strong><\/h2>\n<p><!-- \/wp:heading --><\/p>\n<p><!-- wp:paragraph --><\/p>\n<p><strong>Vous pouvez r\u00e9cup\u00e9rer les fonds de votre Plan \u00c9pargne Retraite au moment du d\u00e9part en retraite et ce, de trois fa\u00e7ons :<\/strong><\/p>\n<p><!-- \/wp:paragraph --><\/p>\n<p><!-- wp:list {\"className\":\"is-style-arrow-right\"} --><\/p>\n<ul class=\"is-style-arrow-right\">\n<li><strong>sous forme de rente viag\u00e8re<\/strong> (ce choix se fait au moment de l\u2019ouverture du PERIN et est irr\u00e9vocable) ;<\/li>\n<li><strong>ou sous forme de capital <\/strong>(fractionn\u00e9 ou non) : la <a href=\"https:\/\/reassurez-moi.fr\/guide\/per\/sortie-capital\">sortie en capital du PER<\/a> n\u2019est possible que pour les avoirs de l\u2019\u00e9pargne salariale et les versements volontaires et si vous n\u2019aviez pas d\u00e9j\u00e0 opt\u00e9 pour une rente viag\u00e8re lors de la souscription.<\/li>\n<li><strong>ou en combinant rente viag\u00e8re et capital.<\/strong><\/li>\n<\/ul>\n<p><!-- \/wp:list --><\/p>\n<p><!-- wp:spacer {\"height\":\"13px\"} --><\/p>\n<div class=\"wp-block-spacer\" style=\"height: 13px;\" aria-hidden=\"true\">\u00a0<\/div>\n<p><!-- \/wp:spacer --><\/p>\n<p><!-- wp:paragraph --><\/p>\n<p><strong>Or, dans certains cas limitatifs, il est possible de <\/strong><a href=\"https:\/\/reassurez-moi.fr\/guide\/per\/deblocage\"><strong>d\u00e9bloquer par anticipation<\/strong><\/a><strong> le capital de son PER<\/strong> :<\/p>\n<p><!-- \/wp:paragraph --><\/p>\n<p><!-- wp:list {\"className\":\"is-style-pros\"} --><\/p>\n<ul class=\"is-style-pros\">\n<li>en cas de d\u00e9c\u00e8s du conjoint ou du partenaire de Pacs ;<\/li>\n<li>en cas d\u2019invalidit\u00e9 du souscripteur, de son conjoint ou partenaire de Pacs, de ses enfants ;<\/li>\n<li>en cas de surendettement ;<\/li>\n<li>en cas de liquidation judiciaire de l\u2019entreprise du souscripteur ;<\/li>\n<li>en cas de fin des droits \u00e0 l\u2019assurance ch\u00f4mage ;<\/li>\n<li>pour acqu\u00e9rir une r\u00e9sidence principale (seuls peuvent \u00eatre d\u00e9bloqu\u00e9s les fonds issus des versements volontaires du souscripteur et\/ou de l\u2019\u00e9pargne salariale).<\/li>\n<\/ul>\n<p><!-- \/wp:list --><\/p>\n<p><!-- wp:spacer {\"height\":\"13px\"} --><\/p>\n<div class=\"wp-block-spacer\" style=\"height: 13px;\" aria-hidden=\"true\">\u00a0<\/div>\n<p><!-- \/wp:spacer --><\/p>\n<p><!-- wp:paragraph --><\/p>\n<p><strong>Pour vous aider dans votre d\u00e9marche de d\u00e9blocage anticip\u00e9, <\/strong>veuillez trouver ci-dessous notre mod\u00e8le de lettre de rachat du plan \u00e9pargne retraite \u00e0 envoyer \u00e0 votre organisme gestionnaire :<\/p>\n<p><!-- \/wp:paragraph --><\/p>\n<p><!-- wp:spacer {\"height\":\"13px\"} --><\/p>\n<div class=\"wp-block-spacer\" style=\"height: 13px;\" aria-hidden=\"true\">\u00a0<\/div>\n<p><!-- \/wp:spacer --><\/p>\n<p><!-- wp:paragraph {\"align\":\"center\"} --><\/p>\n<p class=\"has-text-align-center\"><a href=\"https:\/\/guide.reassurez-moi.fr\/guide\/wp-content\/uploads\/2021\/07\/modele-lettre-rachat-anticipe-plan-epargne-retraite.docx\">T\u00e9l\u00e9charger le mod\u00e8le de lettre de rachat anticip\u00e9 du plan \u00e9pargne retraite :<\/a><\/p>\n<p><!-- \/wp:paragraph --><\/p>\n<p><!-- wp:image {\"align\":\"center\",\"id\":73864,\"width\":128,\"height\":128,\"sizeSlug\":\"full\",\"linkDestination\":\"custom\"} --><\/p>\n<div class=\"wp-block-image\">\n<figure class=\"aligncenter size-full is-resized\"><a href=\"https:\/\/guide.reassurez-moi.fr\/guide\/wp-content\/uploads\/2021\/07\/modele-lettre-rachat-anticipe-plan-epargne-retraite.docx\"><img loading=\"lazy\" decoding=\"async\" class=\"wp-image-73864\" src=\"https:\/\/guide.reassurez-moi.fr\/guide\/wp-content\/uploads\/2019\/09\/telecharger-lettre.jpg\" alt=\"telecharger lettre\" width=\"128\" height=\"128\" \/><\/a><\/figure>\n<\/div>\n<p><!-- \/wp:image --><\/p>\n<p><!-- wp:spacer {\"height\":\"20px\"} --><\/p>\n<div class=\"wp-block-spacer\" style=\"height: 20px;\" aria-hidden=\"true\">\u00a0<\/div>\n<p><!-- \/wp:spacer --><\/p>\n<p><!-- wp:heading --><\/p>\n<h2><strong>Quels sont les frais appliqu\u00e9s \u00e0 un PER ?<\/strong><\/h2>\n<p><!-- \/wp:heading --><\/p>\n<p><!-- wp:paragraph --><\/p>\n<p><strong>Un PER est soumis \u00e0 de nombreux frais <\/strong>(en cours de vie de contrat comme \u00e0 la sortie), ce qui peut impacter sa rentabilit\u00e9.<\/p>\n<p><!-- \/wp:paragraph --><\/p>\n<p><!-- wp:paragraph --><\/p>\n<p><strong>Soyez donc particuli\u00e8rement attentif aux :<\/strong><\/p>\n<p><!-- \/wp:paragraph --><\/p>\n<p><!-- wp:list {\"className\":\"is-style-cons-2\"} --><\/p>\n<ul class=\"is-style-cons-2\">\n<li><strong>frais d\u2019entr\u00e9e <\/strong>: privil\u00e9giez une adh\u00e9sion en ligne, ils seront alors supprim\u00e9s ;<\/li>\n<li><strong>frais sur versement<\/strong> (\u00e0 chaque d\u00e9p\u00f4t) : la moyenne se situe aux alentours de 3 %, d\u2019autres montent jusqu\u2019\u00e0 5 % ! Certains contrats offrent de 0 \u00e0 1 %. Notez que vous pouvez les n\u00e9gocier, surtout si vous effectuez des d\u00e9p\u00f4ts importants et r\u00e9guliers ;<\/li>\n<li><strong>frais de gestion<\/strong> (pour les contrats en unit\u00e9s en compte). Nous vous conseillons de s\u00e9lectionner un plan imputant moins d\u20191 % par an ;<\/li>\n<li><strong>frais d\u2019arr\u00e9rage<\/strong> (\u00e0 la sortie, lors du versement de la rente). M\u00eame principe, plus le forfait ou le pourcentage pr\u00e9lev\u00e9 est bas, plus ce sera \u00e0 votre avantage.<\/li>\n<\/ul>\n<p><!-- \/wp:list --><\/p>\n<p><!-- wp:mars\/information {\"icon\":\"warning\"} --><\/p>\n<div class=\"wp-block-mars-information icon-warning\"><i class=\"icon\"><\/i>\n<p>Attention, veillez \u00e0 choisir un PER avec peu de frais de versement ! S\u2019ils sont souvent gages d\u2019un service de qualit\u00e9, il est tout \u00e0 fait possible d\u2019optimiser votre d\u00e9pense sur ce point en comparant les offres sur le march\u00e9.\u00a0<\/p>\n<\/div>\n<p><!-- \/wp:mars\/information --><\/p>\n<p><!-- wp:heading --><\/p>\n<h2><strong>Comment transf\u00e9rer un PER ?<\/strong><\/h2>\n<p><!-- \/wp:heading --><\/p>\n<p><!-- wp:paragraph --><\/p>\n<p data-start=\"6940\" data-end=\"6974\">Le transfert se fait en 3 \u00e9tapes :<\/p>\n<p><!-- \/wp:paragraph --><\/p>\n<p><!-- wp:list {\"className\":\"is-style-arrow-right\"} --><\/p>\n<ul class=\"is-style-arrow-right\">\n<li><strong>Envoyez \u00e0 la compagnie gestionnaire de votre PER une lettre demandant le transfert de votre plan <\/strong>(par lettre recommand\u00e9e avec accus\u00e9 de r\u00e9ception). Il vous suffit d\u2019indiquer le nom du nouvel organisme vers lequel doit \u00eatre transf\u00e9r\u00e9e votre \u00e9pargne.\u00a0<\/li>\n<li><strong>Votre \u00e9tablissement actuel dispose alors d\u2019un d\u00e9lai de 3 mois maximum<\/strong> pour vous communiquer la valeur de transfert de votre PER (\u00e0 compter de la r\u00e9ception de votre demande de transfert,). Cela correspond \u00e0 la somme des droits acquis (cotisations vers\u00e9es et int\u00e9r\u00eats g\u00e9n\u00e9r\u00e9s) depuis l\u2019ouverture de votre plan, pr\u00e9lev\u00e9e des frais de transfert.\u00a0<\/li>\n<li><strong>Vous avez alors 1 mois pour renoncer au transfert<\/strong>, \u00e0 partir du moment o\u00f9 vous recevez la valeur de transfert.<\/li>\n<li><strong>Si vous ne renoncez pas au transfert,<\/strong> votre organisme actuel aura \u00e0 son tour 1 mois pour verser les fonds \u00e0 votre nouvel \u00e9tablissement.<\/li>\n<\/ul>\n<p><!-- \/wp:list --><\/p>\n<p><!-- wp:mars\/information {\"icon\":\"times\"} --><\/p>\n<div class=\"wp-block-mars-information icon-times\"><i class=\"icon\"><\/i>\n<p>Attention : Un PER d\u2019entreprise obligatoire n\u2019est transf\u00e9rable qu\u2019apr\u00e8s la sortie de l\u2019entreprise.<\/p>\n<\/div>\n<p><!-- \/wp:mars\/information --><\/p>\n<p><!-- wp:spacer {\"height\":\"17px\"} --><\/p>\n<div class=\"wp-block-spacer\" style=\"height: 17px;\" aria-hidden=\"true\">\u00a0<\/div>\n<p><!-- \/wp:spacer --><\/p>\n<p><!-- wp:paragraph --><\/p>\n<p><strong>Pour vous aider \u00e0 y voir plus clair, voici un r\u00e9capitulatif des produits d\u2019\u00e9pargne qui peuvent \u00eatre transf\u00e9r\u00e9s ou non vers un PER :\u00a0<\/strong><\/p>\n<p><!-- \/wp:paragraph --><\/p>\n<p><!-- wp:spacer {\"height\":\"17px\"} --><\/p>\n<div class=\"wp-block-spacer\" style=\"height: 17px;\" aria-hidden=\"true\">\u00a0<\/div>\n<p><!-- \/wp:spacer --><\/p>\n<p><!-- wp:table {\"hasFixedLayout\":true,\"className\":\"is-style-header-simple\"} --><\/p>\n<figure class=\"wp-block-table is-style-header-simple\">\n<table class=\"has-fixed-layout\">\n<thead>\n<tr>\n<th class=\"has-text-align-center\" data-align=\"center\"><strong>Type de contrat d\u2019\u00e9pargne<\/strong><\/th>\n<th class=\"has-text-align-center\" data-align=\"center\"><strong>Transfert vers un PER<\/strong><\/th>\n<\/tr>\n<\/thead>\n<tbody>\n<tr>\n<td class=\"has-text-align-center\" data-align=\"center\">Contrat retraite Madelin<\/td>\n<td class=\"has-text-align-center\" data-align=\"center\">\u2705<\/td>\n<\/tr>\n<tr>\n<td class=\"has-text-align-center\" data-align=\"center\">PERP<\/td>\n<td class=\"has-text-align-center\" data-align=\"center\">\u2705<\/td>\n<\/tr>\n<tr>\n<td class=\"has-text-align-center\" data-align=\"center\">PERCO<\/td>\n<td class=\"has-text-align-center\" data-align=\"center\">\u2705<\/td>\n<\/tr>\n<tr>\n<td class=\"has-text-align-center\" data-align=\"center\">Assurance-vie<\/td>\n<td class=\"has-text-align-center\" data-align=\"center\">\u274c plus possible depuis le 1er janvier 2023<\/td>\n<\/tr>\n<tr>\n<td class=\"has-text-align-center\" data-align=\"center\">Article 83<\/td>\n<td class=\"has-text-align-center\" data-align=\"center\">\u2705 uniquement si vous n\u2019\u00eates plus tenu d\u2019y adh\u00e9rer<\/td>\n<\/tr>\n<tr>\n<td class=\"has-text-align-center\" data-align=\"center\">PER<\/td>\n<td class=\"has-text-align-center\" data-align=\"center\">\u2705<\/td>\n<\/tr>\n<\/tbody>\n<\/table>\n<\/figure>\n<p><!-- \/wp:table --><\/p>\n<p><!-- wp:heading --><\/p>\n<h2><strong>Comment choisir entre PER et assurance vie ?<\/strong><\/h2>\n<p><!-- \/wp:heading --><\/p>\n<p><!-- wp:paragraph --><\/p>\n<p><strong>Pour vous aider \u00e0 y voir plus clair, nous avons r\u00e9alis\u00e9 le tableau comparatif <\/strong><a href=\"https:\/\/reassurez-moi.fr\/guide\/per\/assurance-vie\"><strong>plan \u00e9pargne retraite vs. assurance vie<\/strong><\/a><strong> suivant :<\/strong><\/p>\n<p><!-- \/wp:paragraph --><\/p>\n<p><!-- wp:spacer {\"height\":\"19px\"} --><\/p>\n<div class=\"wp-block-spacer\" style=\"height: 19px;\" aria-hidden=\"true\">\u00a0<\/div>\n<p><!-- \/wp:spacer --><\/p>\n<p><!-- wp:table {\"className\":\"is-style-header-double\"} --><\/p>\n<figure class=\"wp-block-table is-style-header-double\">\n<table>\n<thead>\n<tr>\n<th>\u00a0<\/th>\n<th class=\"has-text-align-center\" data-align=\"center\">Plan \u00e9pargne retraite<\/th>\n<th class=\"has-text-align-center\" data-align=\"center\">Assurance vie<\/th>\n<\/tr>\n<\/thead>\n<tbody>\n<tr>\n<td>Avantages fiscaux (phase d&rsquo;\u00e9pargne)<\/td>\n<td class=\"has-text-align-center\" data-align=\"center\"><i\n    class=\"safe-shortcode-icon\n                    yes\n            \"\n                                    title=oui\n            >\n<\/i><\/td>\n<td class=\"has-text-align-center\" data-align=\"center\"><i\n    class=\"safe-shortcode-icon\n                    no\n            \"\n                                    title=non\n            >\n<\/i><\/td>\n<\/tr>\n<tr>\n<td>Avantages fiscaux (phase de sortie)<\/td>\n<td class=\"has-text-align-center\" data-align=\"center\"><i\n    class=\"safe-shortcode-icon\n                    no\n            \"\n                                    title=non\n            >\n<\/i><\/td>\n<td class=\"has-text-align-center\" data-align=\"center\"><i\n    class=\"safe-shortcode-icon\n                    yes\n            \"\n                                    title=oui\n            >\n<\/i><\/td>\n<\/tr>\n<tr>\n<td>Disponibilit\u00e9 des fonds durant l&rsquo;\u00e9pargne<\/td>\n<td class=\"has-text-align-center\" data-align=\"center\">Non, sauf exceptions<\/td>\n<td class=\"has-text-align-center\" data-align=\"center\"><i\n    class=\"safe-shortcode-icon\n                    no\n            \"\n                                    title=non\n            >\n<\/i><\/td>\n<\/tr>\n<tr>\n<td>Sortie en rente<\/td>\n<td class=\"has-text-align-center\" data-align=\"center\"><i\n    class=\"safe-shortcode-icon\n                    yes\n            \"\n                                    title=oui\n            >\n<\/i><\/td>\n<td class=\"has-text-align-center\" data-align=\"center\"><i\n    class=\"safe-shortcode-icon\n                    yes\n            \"\n                                    title=oui\n            >\n<\/i><\/td>\n<\/tr>\n<tr>\n<td>Sortie en capital<\/td>\n<td class=\"has-text-align-center\" data-align=\"center\"><i\n    class=\"safe-shortcode-icon\n                    yes\n            \"\n                                    title=oui\n            >\n<\/i><\/td>\n<td class=\"has-text-align-center\" data-align=\"center\"><i\n    class=\"safe-shortcode-icon\n                    yes\n            \"\n                                    title=oui\n            >\n<\/i><\/td>\n<\/tr>\n<tr>\n<td>Exon\u00e9ration <a href=\"https:\/\/reassurez-moi.fr\/guide\/per\/isf\">ISF<\/a> \/ IFI<\/td>\n<td class=\"has-text-align-center\" data-align=\"center\">Oui, en phase de sortie et sous conditions<\/td>\n<td class=\"has-text-align-center\" data-align=\"center\"><i\n    class=\"safe-shortcode-icon\n                    no\n            \"\n                                    title=non\n            >\n<\/i><\/td>\n<\/tr>\n<tr>\n<td>Transfert d&rsquo;organisme gestionnaire<\/td>\n<td class=\"has-text-align-center\" data-align=\"center\"><i\n    class=\"safe-shortcode-icon\n                    yes\n            \"\n                                    title=oui\n            >\n<\/i><\/td>\n<td class=\"has-text-align-center\" data-align=\"center\"><i\n    class=\"safe-shortcode-icon\n                    no\n            \"\n                                    title=non\n            >\n<\/i><\/td>\n<\/tr>\n<tr>\n<td>Avance de l&rsquo;organisme gestionnaire<\/td>\n<td class=\"has-text-align-center\" data-align=\"center\"><i\n    class=\"safe-shortcode-icon\n                    yes\n            \"\n                                    title=oui\n            >\n<\/i><\/td>\n<td class=\"has-text-align-center\" data-align=\"center\"><i\n    class=\"safe-shortcode-icon\n                    no\n            \"\n                                    title=non\n            >\n<\/i><\/td>\n<\/tr>\n<tr>\n<td>Transmission en cas de d\u00e9c\u00e8s<\/td>\n<td class=\"has-text-align-center\" data-align=\"center\">En option<\/td>\n<td class=\"has-text-align-center\" data-align=\"center\"><i\n    class=\"safe-shortcode-icon\n                    yes\n            \"\n                                    title=oui\n            >\n<\/i><\/td>\n<\/tr>\n<tr>\n<td>Ouvrir plusieurs contrats<\/td>\n<td class=\"has-text-align-center\" data-align=\"center\">Possible<\/td>\n<td class=\"has-text-align-center\" data-align=\"center\">Possible<\/td>\n<\/tr>\n<\/tbody>\n<\/table>\n<\/figure>\n<p><!-- \/wp:table --><\/p>\n<p><!-- wp:spacer {\"height\":\"17px\"} --><\/p>\n<div class=\"wp-block-spacer\" style=\"height: 17px;\" aria-hidden=\"true\">\u00a0<\/div>\n<p><!-- \/wp:spacer --><\/p>\n<p><!-- wp:paragraph --><\/p>\n<p><strong>Nous vous conseillons tout de m\u00eame de privil\u00e9gier la souscription d\u2019une assurance vie si vous pr\u00e9f\u00e9rez :<\/strong><\/p>\n<p><!-- \/wp:paragraph --><\/p>\n<p><!-- wp:list {\"className\":\"is-style-pros-2\"} --><\/p>\n<ul class=\"is-style-pros-2\">\n<li>\u00eatre en mesure de retirer une partie du capital \u00e0 tout moment ;<\/li>\n<li>une fiscalit\u00e9 plus faible lors de la sortie du capital.<\/li>\n<\/ul>\n<p><!-- \/wp:list --><\/p>\n<p><!-- wp:heading --><\/p>\n<h2><strong>Que se passe-t-il en cas de d\u00e9c\u00e8s du titulaire d\u2019un PER ?\u00a0<\/strong><\/h2>\n<p><!-- \/wp:heading --><\/p>\n<p><!-- wp:paragraph --><\/p>\n<p><strong>Le souscripteur d\u2019un PER peut d\u00e9signer un ou plusieurs b\u00e9n\u00e9ficiaire(s) de sa rente en cas de d\u00e9c\u00e8s.\u00a0<\/strong><\/p>\n<p><!-- \/wp:paragraph --><\/p>\n<p><!-- wp:mars\/information {\"icon\":\"check\"} --><\/p>\n<div class=\"wp-block-mars-information icon-check\"><i class=\"icon\"><\/i>\n<p>Il s\u2019agit la plupart du temps des enfants ou du conjoint !<\/p>\n<\/div>\n<p><!-- \/wp:mars\/information --><\/p>\n<p><!-- wp:paragraph --><\/p>\n<p><strong>Toutefois, si aucun b\u00e9n\u00e9ficiaire n\u2019a \u00e9t\u00e9 d\u00e9sign\u00e9<\/strong> et que le souscripteur d\u00e9c\u00e8de avant la retraite, le PER est alors cl\u00f4tur\u00e9 !<\/p>\n<p><!-- \/wp:paragraph --><\/p>\n<p><!-- wp:paragraph --><\/p>\n<p><strong>Il est ainsi primordial de diff\u00e9rencier un d\u00e9c\u00e8s qui intervient pendant ou apr\u00e8s la phase d\u2019\u00e9pargne,<\/strong> notamment au regard de 3 crit\u00e8res :\u00a0<\/p>\n<p><!-- \/wp:paragraph --><\/p>\n<p><!-- wp:list {\"className\":\"is-style-pros-2\"} --><\/p>\n<ul class=\"is-style-pros-2\">\n<li>l\u2019\u00e2ge du titulaire du PER au moment de son d\u00e9c\u00e8s (inf\u00e9rieur ou sup\u00e9rieur \u00e0 70 ans),\u00a0<\/li>\n<li>le type de PER souscrit (assurance, banque),\u00a0<\/li>\n<li>le moment du d\u00e9c\u00e8s compar\u00e9 \u00e0 la phase d\u2019\u00e9pargne (pendant ou apr\u00e8s).\u00a0<\/li>\n<\/ul>\n<p><!-- \/wp:list --><\/p>\n<p><!-- wp:heading --><\/p>\n<h2><strong>5 conseils pour trouver le meilleur PER du march\u00e9<\/strong><\/h2>\n<p><!-- \/wp:heading --><\/p>\n<p><!-- wp:paragraph --><\/p>\n<p><strong>Voici 5 conseils simples mais efficaces pour r\u00e9ussir \u00e0 trouver le meilleur PER du march\u00e9 en fonction de votre profil et de vos objectifs d\u2019\u00e9pargne :\u00a0<\/strong><\/p>\n<p><!-- \/wp:paragraph --><\/p>\n<p><!-- wp:list {\"className\":\"is-style-pros\"} --><\/p>\n<ul class=\"is-style-pros\">\n<li><strong>Le PER doit correspondre \u00e0 votre profil :<\/strong> La meilleure offre de PER ne sera pas la m\u00eame suivant votre profil et vos besoins sp\u00e9cifiques, par exemple si vous \u00eates une personne seule, si vous avez des enfants destin\u00e9s \u00e0 \u00eatre b\u00e9n\u00e9ficiaires de votre PER, ou encore si vous pr\u00e9voyez une certaine chute de revenus \u00e0 la retraite.<\/li>\n<li><strong>\u00c9tudiez minutieusement les frais appliqu\u00e9s :<\/strong> Qu\u2019il s\u2019agisse des frais de versement, de gestion ou encore, d\u2019arr\u00e9rage, veillez \u00e0 ce qu\u2019ils ne soient pas excessivement \u00e9lev\u00e9s. N\u2019h\u00e9sitez pas pour cela \u00e0 faire une simulation de Plan \u00c9pargne Retraite, sachant que la plupart des PER en ligne n\u2019imposent pas de frais d\u2019entr\u00e9e.<\/li>\n<li><strong>Adoptez le bon mode de gestion <\/strong>: Entre gestion libre ou gestion pilot\u00e9e, optez pour le mode de gestion qui correspond \u00e0 la libert\u00e9 ou au contraire au niveau de conseil dont vous avez besoin pour g\u00e9rer votre PER \u00e0 long-terme.<\/li>\n<li><strong>V\u00e9rifiez les modalit\u00e9s de sortie <\/strong>: V\u00e9rifiez que l\u2019offre de PER s\u00e9lectionn\u00e9e vous permette bien de sortir en rente et\/ou en capital suivant vos attentes pr\u00e9cises.\u00a0<\/li>\n<li><strong>Prenez en compte la r\u00e9activit\u00e9 et la qualit\u00e9 du service client. <\/strong>Cela s\u2019av\u00e8re indispensable pour assurer un suivi efficace et transparent de votre investissement dans la dur\u00e9e.<\/li>\n<\/ul>\n<p><!-- \/wp:list --><\/p>\n<p><!-- wp:heading --><\/p>\n<h2 class=\"wp-block-heading\">FAQ<\/h2>\n<p><!-- \/wp:heading --><\/p>\n<p><!-- wp:yoast\/faq-block {\"questions\":[{\"id\":\"faq-question-1627480486228\",\"question\":[{\"type\":\"strong\",\"props\":{\"children\":[\"Qu\u2019est-ce qu\u2019un Plan \u00c9pargne Retraite (PER) ?\"]}}],\"answer\":[\"Un PER est un produit d\u2019\u00e9pargne qui permet de constituer un capital tout au long de la vie active, assurant ainsi des \",{\"type\":\"strong\",\"props\":{\"children\":[\"revenus suppl\u00e9mentaires pour la retraite\"]}},\" en contrepartie de versements volontaires. Ces derniers peuvent ensuite \u00eatre \",{\"type\":\"strong\",\"props\":{\"children\":[\"d\u00e9duits des revenus imposables\"]}},\".\"],\"jsonQuestion\":\"u003cstrongu003eQu\u2019est-ce qu\u2019un Plan \u00c9pargne Retraite (PER) ?u003c\/strongu003e\",\"jsonAnswer\":\"Un PER est un produit d\u2019\u00e9pargne qui permet de constituer un capital tout au long de la vie active, assurant ainsi des u003cstrongu003erevenus suppl\u00e9mentaires pour la retraiteu003c\/strongu003e en contrepartie de versements volontaires. Ces derniers peuvent ensuite \u00eatre u003cstrongu003ed\u00e9duits des revenus imposablesu003c\/strongu003e.\"},{\"id\":\"faq-question-1627388890502\",\"question\":[{\"type\":\"strong\",\"props\":{\"children\":[\"Qui peut ouvrir un PER ?\"]}}],\"answer\":[{\"type\":\"strong\",\"props\":{\"children\":[\"Tout le monde ! \"]}},\"L\u2019ouverture d\u2019un PER n\u2019est soumise \u00e0 aucune restriction en termes d\u2019\u00e2ge ou de statut professionnel.\"],\"jsonQuestion\":\"u003cstrongu003eQui peut ouvrir un PER ?u003c\/strongu003e\",\"jsonAnswer\":\"u003cstrongu003eTout le monde ! u003c\/strongu003eL\u2019ouverture d\u2019un PER n\u2019est soumise \u00e0 aucune restriction en termes d\u2019\u00e2ge ou de statut professionnel.\"},{\"id\":\"faq-question-1627480144934\",\"question\":[{\"type\":\"strong\",\"props\":{\"children\":[\"Est-il possible d\u2019ouvrir un PER \u00e0 la retraite ?\"]}}],\"answer\":[{\"type\":\"strong\",\"props\":{\"children\":[\"Oui ! Cela s\u2019av\u00e8re notamment tr\u00e8s utile pour am\u00e9liorer la fiscalit\u00e9 de sa succession \"]}},\"puisque le souscripteur retrait\u00e9 pourra d\u00e9duire les versements de son revenu imposable, tout en optimisant sa succession. Afin de trouver la meilleure option pour votre \u00e9pargne, utilisez notre comparateur de PER, il est totalement gratuit et anonyme !\"],\"jsonQuestion\":\"u003cstrongu003eEst-il possible d\u2019ouvrir un PER \u00e0 la retraite ?u003c\/strongu003e\",\"jsonAnswer\":\"u003cstrongu003eOui ! Cela s\u2019av\u00e8re notamment tr\u00e8s utile pour am\u00e9liorer la fiscalit\u00e9 de sa succession u003c\/strongu003epuisque le souscripteur retrait\u00e9 pourra d\u00e9duire les versements de son revenu imposable, tout en optimisant sa succession. Afin de trouver la meilleure option pour votre \u00e9pargne, utilisez notre comparateur de PER, il est totalement gratuit et anonyme !\"},{\"id\":\"faq-question-1627480304162\",\"question\":[{\"type\":\"strong\",\"props\":{\"children\":[\"Puis-je r\u00e9cup\u00e9rer le capital de mon PER \u00e0 tout moment ?\"]}}],\"answer\":[{\"type\":\"strong\",\"props\":{\"children\":[\"Non ! \"]}},\"Le capital d\u2019un PER est \",{\"type\":\"strong\",\"props\":{\"children\":[\"bloqu\u00e9 jusqu\u2019au moment du d\u00e9part \u00e0 la retraite\"]}},\", sauf dans certains cas valides de \",{\"type\":\"strong\",\"props\":{\"children\":[\"d\u00e9blocage anticip\u00e9\"]}},\" (invalidit\u00e9, fin des allocations ch\u00f4mage, surendettement \u2026).\"],\"jsonQuestion\":\"u003cstrongu003ePuis-je r\u00e9cup\u00e9rer le capital de mon PER \u00e0 tout moment ?u003c\/strongu003e\",\"jsonAnswer\":\"u003cstrongu003eNon ! u003c\/strongu003eLe capital d\u2019un PER est u003cstrongu003ebloqu\u00e9 jusqu\u2019au moment du d\u00e9part \u00e0 la retraiteu003c\/strongu003e, sauf dans certains cas valides de u003cstrongu003ed\u00e9blocage anticip\u00e9u003c\/strongu003e (invalidit\u00e9, fin des allocations ch\u00f4mage, surendettement \u2026).\"},{\"id\":\"faq-question-1697639818691\",\"question\":[{\"type\":\"strong\",\"props\":{\"children\":[\"Un PER est-il avantageux pour les TMI \u00e9lev\u00e9es ?\"]}}],\"answer\":[{\"type\":\"strong\",\"props\":{\"children\":[\"Oui absolument ! \"]}},\"Il faut savoir que le PER est particuli\u00e8rement adapt\u00e9 pour les contribuables soumis \u00e0 une forte imposition, notamment ceux dont les \",{\"type\":\"strong\",\"props\":{\"children\":[\"tranches marginales d\u2019imposition (TMI) sont sup\u00e9rieures \u00e0 30 %.\"]}}],\"jsonQuestion\":\"u003cstrongu003eUn PER est-il avantageux pour les TMI \u00e9lev\u00e9es ?u003c\/strongu003e\",\"jsonAnswer\":\"u003cstrongu003eOui absolument ! u003c\/strongu003eIl faut savoir que le PER est particuli\u00e8rement adapt\u00e9 pour les contribuables soumis \u00e0 une forte imposition, notamment ceux dont les u003cstrongu003etranches marginales d\u2019imposition (TMI) sont sup\u00e9rieures \u00e0 30 %.u003c\/strongu003e\"}]} --><\/p>\n<div class=\"schema-faq wp-block-yoast-faq-block\">\n<div id=\"faq-question-1627480486228\" class=\"schema-faq-section\"><h3 class=\"schema-faq-question my-0 font-semibold\"><h3 class=\"schema-faq-question my-0 font-semibold\">Qu\u2019est-ce qu\u2019un Plan \u00c9pargne Retraite (PER) ?<\/h3><\/h3>\n<p class=\"schema-faq-answer\">Un PER est un produit d\u2019\u00e9pargne qui permet de constituer un capital tout au long de la vie active, assurant ainsi des <strong>revenus suppl\u00e9mentaires pour la retraite<\/strong> en contrepartie de versements volontaires. Ces derniers peuvent ensuite \u00eatre <strong>d\u00e9duits des revenus imposables<\/strong>.<\/p>\n<\/div>\n<div id=\"faq-question-1627388890502\" class=\"schema-faq-section\"><h3 class=\"schema-faq-question my-0 font-semibold\"><h3 class=\"schema-faq-question my-0 font-semibold\">Qui peut ouvrir un PER ?<\/h3><\/h3>\n<p class=\"schema-faq-answer\"><strong>Tout le monde ! <\/strong>L\u2019ouverture d\u2019un PER n\u2019est soumise \u00e0 aucune restriction en termes d\u2019\u00e2ge ou de statut professionnel.<\/p>\n<\/div>\n<div id=\"faq-question-1627480144934\" class=\"schema-faq-section\"><h3 class=\"schema-faq-question my-0 font-semibold\"><h3 class=\"schema-faq-question my-0 font-semibold\">Est-il possible d\u2019ouvrir un PER \u00e0 la retraite ?<\/h3><\/h3>\n<p class=\"schema-faq-answer\"><strong>Oui ! Cela s\u2019av\u00e8re notamment tr\u00e8s utile pour am\u00e9liorer la fiscalit\u00e9 de sa succession <\/strong>puisque le souscripteur retrait\u00e9 pourra d\u00e9duire les versements de son revenu imposable, tout en optimisant sa succession. Afin de trouver la meilleure option pour votre \u00e9pargne, utilisez notre comparateur de PER, il est totalement gratuit et anonyme !<\/p>\n<\/div>\n<div id=\"faq-question-1627480304162\" class=\"schema-faq-section\"><h3 class=\"schema-faq-question my-0 font-semibold\"><h3 class=\"schema-faq-question my-0 font-semibold\">Puis-je r\u00e9cup\u00e9rer le capital de mon PER \u00e0 tout moment ?<\/h3><\/h3>\n<p class=\"schema-faq-answer\"><strong>Non ! <\/strong>Le capital d\u2019un PER est <strong>bloqu\u00e9 jusqu\u2019au moment du d\u00e9part \u00e0 la retraite<\/strong>, sauf dans certains cas valides de <strong>d\u00e9blocage anticip\u00e9<\/strong> (invalidit\u00e9, fin des allocations ch\u00f4mage, surendettement \u2026).<\/p>\n<\/div>\n<div id=\"faq-question-1697639818691\" class=\"schema-faq-section\"><h3 class=\"schema-faq-question my-0 font-semibold\"><h3 class=\"schema-faq-question my-0 font-semibold\">Un PER est-il avantageux pour les TMI \u00e9lev\u00e9es ?<\/h3><\/h3>\n<p class=\"schema-faq-answer\"><strong>Oui absolument ! <\/strong>Il faut savoir que le PER est particuli\u00e8rement adapt\u00e9 pour les contribuables soumis \u00e0 une forte imposition, notamment ceux dont les <strong>tranches marginales d\u2019imposition (TMI) sont sup\u00e9rieures \u00e0 30 %.<\/strong><\/p>\n<\/div>\n<\/div>\n<p><!-- \/wp:yoast\/faq-block --><\/p>","protected":false},"excerpt":{"rendered":"<p>Tout ce qu\u2019il faut savoir sur le Plan \u00c9pargne Retraite (PER) Comparer les offres de PER Comment fonctionne un Plan \u00c9pargne Retraite ? Un PER individuel est un produit d\u2019\u00e9pargne qui permet de constituer un capital tout au long de la vie active, assurant ainsi des revenus suppl\u00e9mentaires pour la retraite en contrepartie de versements\u2026<\/p>\n","protected":false},"author":86,"featured_media":205773,"parent":0,"menu_order":0,"comment_status":"open","ping_status":"closed","template":"pages\/page-comparator.php","meta":{"_acf_changed":false,"footnotes":""},"categories":[],"page_topic":[598],"class_list":["post-66263","page","type-page","status-publish","has-post-thumbnail","hentry"],"yoast_head":"<!-- This site is optimized with the Yoast SEO plugin v24.7 - https:\/\/yoast.com\/wordpress\/plugins\/seo\/ -->\n<title>Plan \u00c9pargne Retraite (PER) : fonctionnement, avantages et fiscalit\u00e9<\/title>\n<meta name=\"description\" content=\"Un PER permet de constituer une \u00e9pargne compl\u00e9mentaire pour la retraite. Qui peut ouvrir un PER ? Quels avantages ? Nos r\u00e9ponses !\" \/>\n<meta name=\"robots\" content=\"index, follow, max-snippet:-1, max-image-preview:large, max-video-preview:-1\" \/>\n<link rel=\"canonical\" href=\"https:\/\/guide.reassurez-moi.fr\/guide\/per\" \/>\n<meta property=\"og:locale\" content=\"fr_FR\" \/>\n<meta property=\"og:type\" content=\"article\" \/>\n<meta property=\"og:title\" content=\"Plan \u00c9pargne Retraite (PER) : fonctionnement, avantages et fiscalit\u00e9\" \/>\n<meta property=\"og:description\" content=\"Un PER permet de constituer une \u00e9pargne compl\u00e9mentaire pour la retraite. Qui peut ouvrir un PER ? Quels avantages ? Nos r\u00e9ponses !\" \/>\n<meta property=\"og:url\" content=\"https:\/\/guide.reassurez-moi.fr\/guide\/per\" \/>\n<meta property=\"og:site_name\" content=\"R\u00e9assurez-moi\" \/>\n<meta property=\"article:publisher\" content=\"https:\/\/www.facebook.com\/R%c3%a9assurez-moi-209456495889479\/\" \/>\n<meta property=\"article:modified_time\" content=\"2026-04-07T12:59:48+00:00\" \/>\n<meta property=\"og:image\" content=\"https:\/\/guide.reassurez-moi.fr\/guide\/wp-content\/uploads\/2025\/01\/per.jpg\" \/>\n\t<meta property=\"og:image:width\" content=\"1124\" \/>\n\t<meta property=\"og:image:height\" content=\"535\" \/>\n\t<meta property=\"og:image:type\" content=\"image\/jpeg\" \/>\n<meta name=\"twitter:card\" content=\"summary_large_image\" \/>\n<meta name=\"twitter:site\" content=\"@reassurezmoi\" \/>\n<meta name=\"twitter:label1\" content=\"Dur\u00e9e de lecture estim\u00e9e\" \/>\n\t<meta name=\"twitter:data1\" content=\"15 minutes\" \/>\n<script type=\"application\/ld+json\" class=\"yoast-schema-graph\">{\"@context\":\"https:\/\/schema.org\",\"@graph\":[{\"@type\":\"WebPage\",\"@id\":\"https:\/\/guide.reassurez-moi.fr\/guide\/per\",\"url\":\"https:\/\/guide.reassurez-moi.fr\/guide\/per\",\"name\":\"Plan \u00c9pargne Retraite (PER) : fonctionnement, avantages et fiscalit\u00e9\",\"isPartOf\":{\"@id\":\"https:\/\/guide.reassurez-moi.fr\/guide\/#website\"},\"primaryImageOfPage\":{\"@id\":\"https:\/\/guide.reassurez-moi.fr\/guide\/per#primaryimage\"},\"image\":{\"@id\":\"https:\/\/guide.reassurez-moi.fr\/guide\/per#primaryimage\"},\"thumbnailUrl\":\"https:\/\/guide.reassurez-moi.fr\/guide\/wp-content\/uploads\/2025\/01\/per.jpg\",\"datePublished\":\"2019-07-10T09:53:54+00:00\",\"dateModified\":\"2026-04-07T12:59:48+00:00\",\"description\":\"Un PER permet de constituer une \u00e9pargne compl\u00e9mentaire pour la retraite. Qui peut ouvrir un PER ? Quels avantages ? Nos r\u00e9ponses !\",\"breadcrumb\":{\"@id\":\"https:\/\/guide.reassurez-moi.fr\/guide\/per#breadcrumb\"},\"inLanguage\":\"fr-FR\",\"potentialAction\":[{\"@type\":\"ReadAction\",\"target\":[\"https:\/\/guide.reassurez-moi.fr\/guide\/per\"]}]},{\"@type\":\"ImageObject\",\"inLanguage\":\"fr-FR\",\"@id\":\"https:\/\/guide.reassurez-moi.fr\/guide\/per#primaryimage\",\"url\":\"https:\/\/guide.reassurez-moi.fr\/guide\/wp-content\/uploads\/2025\/01\/per.jpg\",\"contentUrl\":\"https:\/\/guide.reassurez-moi.fr\/guide\/wp-content\/uploads\/2025\/01\/per.jpg\",\"width\":1124,\"height\":535,\"caption\":\"per\"},{\"@type\":\"BreadcrumbList\",\"@id\":\"https:\/\/guide.reassurez-moi.fr\/guide\/per#breadcrumb\",\"itemListElement\":[{\"@type\":\"ListItem\",\"position\":1,\"name\":\"Assurances\",\"item\":\"https:\/\/guide.reassurez-moi.fr\/guide\/\"},{\"@type\":\"ListItem\",\"position\":2,\"name\":\"PER\"}]},{\"@type\":\"WebSite\",\"@id\":\"https:\/\/guide.reassurez-moi.fr\/guide\/#website\",\"url\":\"https:\/\/guide.reassurez-moi.fr\/guide\/\",\"name\":\"R\u00e9assurez-moi\",\"description\":\"Comparateur d&#039;assurances\",\"potentialAction\":[{\"@type\":\"SearchAction\",\"target\":{\"@type\":\"EntryPoint\",\"urlTemplate\":\"https:\/\/guide.reassurez-moi.fr\/guide\/?s={search_term_string}\"},\"query-input\":{\"@type\":\"PropertyValueSpecification\",\"valueRequired\":true,\"valueName\":\"search_term_string\"}}],\"inLanguage\":\"fr-FR\"}]}<\/script>\n<!-- \/ Yoast SEO plugin. -->","yoast_head_json":{"title":"Plan \u00c9pargne Retraite (PER) : fonctionnement, avantages et fiscalit\u00e9","description":"Un PER permet de constituer une \u00e9pargne compl\u00e9mentaire pour la retraite. Qui peut ouvrir un PER ? Quels avantages ? Nos r\u00e9ponses !","robots":{"index":"index","follow":"follow","max-snippet":"max-snippet:-1","max-image-preview":"max-image-preview:large","max-video-preview":"max-video-preview:-1"},"canonical":"https:\/\/guide.reassurez-moi.fr\/guide\/per","og_locale":"fr_FR","og_type":"article","og_title":"Plan \u00c9pargne Retraite (PER) : fonctionnement, avantages et fiscalit\u00e9","og_description":"Un PER permet de constituer une \u00e9pargne compl\u00e9mentaire pour la retraite. Qui peut ouvrir un PER ? Quels avantages ? Nos r\u00e9ponses !","og_url":"https:\/\/guide.reassurez-moi.fr\/guide\/per","og_site_name":"R\u00e9assurez-moi","article_publisher":"https:\/\/www.facebook.com\/R%c3%a9assurez-moi-209456495889479\/","article_modified_time":"2026-04-07T12:59:48+00:00","og_image":[{"width":1124,"height":535,"url":"https:\/\/guide.reassurez-moi.fr\/guide\/wp-content\/uploads\/2025\/01\/per.jpg","type":"image\/jpeg"}],"twitter_card":"summary_large_image","twitter_site":"@reassurezmoi","twitter_misc":{"Dur\u00e9e de lecture estim\u00e9e":"15 minutes"},"schema":{"@context":"https:\/\/schema.org","@graph":[{"@type":"WebPage","@id":"https:\/\/guide.reassurez-moi.fr\/guide\/per","url":"https:\/\/guide.reassurez-moi.fr\/guide\/per","name":"Plan \u00c9pargne Retraite (PER) : fonctionnement, avantages et fiscalit\u00e9","isPartOf":{"@id":"https:\/\/guide.reassurez-moi.fr\/guide\/#website"},"primaryImageOfPage":{"@id":"https:\/\/guide.reassurez-moi.fr\/guide\/per#primaryimage"},"image":{"@id":"https:\/\/guide.reassurez-moi.fr\/guide\/per#primaryimage"},"thumbnailUrl":"https:\/\/guide.reassurez-moi.fr\/guide\/wp-content\/uploads\/2025\/01\/per.jpg","datePublished":"2019-07-10T09:53:54+00:00","dateModified":"2026-04-07T12:59:48+00:00","description":"Un PER permet de constituer une \u00e9pargne compl\u00e9mentaire pour la retraite. Qui peut ouvrir un PER ? Quels avantages ? Nos r\u00e9ponses !","breadcrumb":{"@id":"https:\/\/guide.reassurez-moi.fr\/guide\/per#breadcrumb"},"inLanguage":"fr-FR","potentialAction":[{"@type":"ReadAction","target":["https:\/\/guide.reassurez-moi.fr\/guide\/per"]}]},{"@type":"ImageObject","inLanguage":"fr-FR","@id":"https:\/\/guide.reassurez-moi.fr\/guide\/per#primaryimage","url":"https:\/\/guide.reassurez-moi.fr\/guide\/wp-content\/uploads\/2025\/01\/per.jpg","contentUrl":"https:\/\/guide.reassurez-moi.fr\/guide\/wp-content\/uploads\/2025\/01\/per.jpg","width":1124,"height":535,"caption":"per"},{"@type":"BreadcrumbList","@id":"https:\/\/guide.reassurez-moi.fr\/guide\/per#breadcrumb","itemListElement":[{"@type":"ListItem","position":1,"name":"Assurances","item":"https:\/\/guide.reassurez-moi.fr\/guide\/"},{"@type":"ListItem","position":2,"name":"PER"}]},{"@type":"WebSite","@id":"https:\/\/guide.reassurez-moi.fr\/guide\/#website","url":"https:\/\/guide.reassurez-moi.fr\/guide\/","name":"R\u00e9assurez-moi","description":"Comparateur d&#039;assurances","potentialAction":[{"@type":"SearchAction","target":{"@type":"EntryPoint","urlTemplate":"https:\/\/guide.reassurez-moi.fr\/guide\/?s={search_term_string}"},"query-input":{"@type":"PropertyValueSpecification","valueRequired":true,"valueName":"search_term_string"}}],"inLanguage":"fr-FR"}]}},"acf":[],"_links":{"self":[{"href":"https:\/\/guide.reassurez-moi.fr\/guide\/wp-json\/wp\/v2\/pages\/66263","targetHints":{"allow":["GET"]}}],"collection":[{"href":"https:\/\/guide.reassurez-moi.fr\/guide\/wp-json\/wp\/v2\/pages"}],"about":[{"href":"https:\/\/guide.reassurez-moi.fr\/guide\/wp-json\/wp\/v2\/types\/page"}],"author":[{"embeddable":true,"href":"https:\/\/guide.reassurez-moi.fr\/guide\/wp-json\/wp\/v2\/users\/86"}],"replies":[{"embeddable":true,"href":"https:\/\/guide.reassurez-moi.fr\/guide\/wp-json\/wp\/v2\/comments?post=66263"}],"version-history":[{"count":6,"href":"https:\/\/guide.reassurez-moi.fr\/guide\/wp-json\/wp\/v2\/pages\/66263\/revisions"}],"predecessor-version":[{"id":218553,"href":"https:\/\/guide.reassurez-moi.fr\/guide\/wp-json\/wp\/v2\/pages\/66263\/revisions\/218553"}],"wp:featuredmedia":[{"embeddable":true,"href":"https:\/\/guide.reassurez-moi.fr\/guide\/wp-json\/wp\/v2\/media\/205773"}],"wp:attachment":[{"href":"https:\/\/guide.reassurez-moi.fr\/guide\/wp-json\/wp\/v2\/media?parent=66263"}],"wp:term":[{"taxonomy":"category","embeddable":true,"href":"https:\/\/guide.reassurez-moi.fr\/guide\/wp-json\/wp\/v2\/categories?post=66263"},{"taxonomy":"page_topic","embeddable":true,"href":"https:\/\/guide.reassurez-moi.fr\/guide\/wp-json\/wp\/v2\/page_topic?post=66263"}],"curies":[{"name":"wp","href":"https:\/\/api.w.org\/{rel}","templated":true}]}}